{"id":61,"date":"2025-11-19T11:54:53","date_gmt":"2025-11-19T10:54:53","guid":{"rendered":"https:\/\/www.voluntariadosocialrioja.org\/me-da-la-vida\/?page_id=61"},"modified":"2025-12-01T11:53:24","modified_gmt":"2025-12-01T10:53:24","slug":"semana-del-voluntariado","status":"publish","type":"page","link":"https:\/\/www.voluntariadosocialrioja.org\/me-da-la-vida\/semana-del-voluntariado\/","title":{"rendered":"Semana del Voluntariado"},"content":{"rendered":"<p>[et_pb_section fb_built=\u00bb1&#8243; admin_label=\u00bbHeader\u00bb _builder_version=\u00bb4.27.4&#8243; _module_preset=\u00bbdefault\u00bb background_color=\u00bbgcid-9d5d11f9-d654-432d-8206-34ad20a6d54e\u00bb use_background_color_gradient=\u00bbon\u00bb background_color_gradient_type=\u00bbcircular\u00bb background_color_gradient_direction_radial=\u00bbtop left\u00bb background_color_gradient_stops=\u00bb#0c71c3 0%|rgba(255,255,255,0) 32%|#029eff 68%|#0c71c3 99%\u00bb background_color_gradient_overlays_image=\u00bbon\u00bb background_image=\u00bbhttps:\/\/www.voluntariadosocialrioja.org\/me-da-la-vida\/wp-content\/uploads\/2025\/11\/fondo-1.png\u00bb parallax=\u00bbon\u00bb custom_padding=\u00bb10vw||10vw||true|false\u00bb background_last_edited=\u00bbon|phone\u00bb parallax_phone=\u00bboff\u00bb background_size_phone=\u00bbcontain\u00bb background_position_phone=\u00bbcenter\u00bb collapsed=\u00bboff\u00bb global_colors_info=\u00bb{%22gcid-9d5d11f9-d654-432d-8206-34ad20a6d54e%22:%91%22background_color%22%93}\u00bb][et_pb_row column_structure=\u00bb2_3,1_3&#8243; _builder_version=\u00bb4.27.4&#8243; _module_preset=\u00bbdefault\u00bb max_width=\u00bbnone\u00bb global_colors_info=\u00bb{}\u00bb][et_pb_column type=\u00bb2_3&#8243; _builder_version=\u00bb4.25.1&#8243; _module_preset=\u00bbdefault\u00bb global_colors_info=\u00bb{}\u00bb][et_pb_heading title=\u00bbI Semana del Voluntariado\u00bb _builder_version=\u00bb4.27.4&#8243; _module_preset=\u00bb_initial\u00bb title_font=\u00bbGraphik Bold|500|||||||\u00bb title_text_color=\u00bb#FFFFFF\u00bb title_font_size=\u00bb8vw\u00bb title_line_height=\u00bb1.1em\u00bb global_colors_info=\u00bb{}\u00bb][\/et_pb_heading][\/et_pb_column][et_pb_column type=\u00bb1_3&#8243; _builder_version=\u00bb4.25.1&#8243; _module_preset=\u00bbdefault\u00bb custom_padding=\u00bb2%||||false|false\u00bb global_colors_info=\u00bb{}\u00bb][et_pb_heading title=\u00bbDEL 1 al 5 de diciembre | La Rioja\u00bb _builder_version=\u00bb4.27.4&#8243; _module_preset=\u00bb_initial\u00bb title_level=\u00bbh5&#8243; title_font=\u00bbGraphik Bold|500||on|||||\u00bb title_text_color=\u00bb#FFFFFF\u00bb title_font_size=\u00bb22px\u00bb title_line_height=\u00bb1.4em\u00bb custom_margin=\u00bb||10px||false|false\u00bb title_font_size_tablet=\u00bb20px\u00bb title_font_size_phone=\u00bb16px\u00bb title_font_size_last_edited=\u00bbon|desktop\u00bb global_colors_info=\u00bb{}\u00bb][\/et_pb_heading][et_pb_text quote_border_color=\u00bb#FFFFFF\u00bb _builder_version=\u00bb4.27.4&#8243; _module_preset=\u00bb_initial\u00bb text_font=\u00bbGraphik Bold||||||||\u00bb text_text_color=\u00bb#FFFFFF\u00bb text_font_size=\u00bb15px\u00bb text_line_height=\u00bb1.8em\u00bb link_font=\u00bb||||||||\u00bb link_text_color=\u00bb#FFFFFF\u00bb quote_font=\u00bbInter|500|||||||\u00bb quote_text_color=\u00bb#FFFFFF\u00bb quote_font_size=\u00bb24px\u00bb quote_line_height=\u00bb1.4em\u00bb header_font=\u00bbInter|500|||||||\u00bb header_text_color=\u00bb#FFFFFF\u00bb header_font_size=\u00bb90px\u00bb header_line_height=\u00bb1.2em\u00bb header_2_font=\u00bbInter|500|||||||\u00bb header_2_text_color=\u00bb#FFFFFF\u00bb header_2_font_size=\u00bb56px\u00bb header_2_line_height=\u00bb1.2em\u00bb header_3_font=\u00bbInter|500|||||||\u00bb header_3_text_color=\u00bb#FFFFFF\u00bb header_3_font_size=\u00bb36px\u00bb header_3_line_height=\u00bb1.3em\u00bb header_4_font=\u00bbInter|500|||||||\u00bb header_4_text_color=\u00bb#FFFFFF\u00bb header_4_font_size=\u00bb24px\u00bb header_4_line_height=\u00bb1.4em\u00bb header_5_font=\u00bbInter|500|||||||\u00bb header_5_text_color=\u00bb#FFFFFF\u00bb header_5_font_size=\u00bb20px\u00bb header_5_line_height=\u00bb1.4em\u00bb header_6_font=\u00bbInter|500|||||||\u00bb header_6_text_color=\u00bb#FFFFFF\u00bb header_6_font_size=\u00bb16px\u00bb header_6_line_height=\u00bb1.4em\u00bb text_font_size_tablet=\u00bb15px\u00bb text_font_size_phone=\u00bb14px\u00bb text_font_size_last_edited=\u00bbon|desktop\u00bb quote_font_size_tablet=\u00bb16px\u00bb quote_font_size_phone=\u00bb15px\u00bb quote_font_size_last_edited=\u00bbon|desktop\u00bb header_font_size_tablet=\u00bb40px\u00bb header_font_size_phone=\u00bb24px\u00bb header_font_size_last_edited=\u00bbon|desktop\u00bb header_2_font_size_tablet=\u00bb32px\u00bb header_2_font_size_phone=\u00bb20px\u00bb header_2_font_size_last_edited=\u00bbon|desktop\u00bb header_3_font_size_tablet=\u00bb24px\u00bb header_3_font_size_phone=\u00bb18px\u00bb header_3_font_size_last_edited=\u00bbon|phone\u00bb header_4_font_size_tablet=\u00bb21px\u00bb header_4_font_size_phone=\u00bb16px\u00bb header_4_font_size_last_edited=\u00bbon|phone\u00bb header_5_font_size_tablet=\u00bb18px\u00bb header_5_font_size_phone=\u00bb15px\u00bb header_5_font_size_last_edited=\u00bbon|phone\u00bb header_6_font_size_tablet=\u00bb15px\u00bb header_6_font_size_phone=\u00bb14px\u00bb header_6_font_size_last_edited=\u00bbon|desktop\u00bb global_colors_info=\u00bb{%22gcid-9d5d11f9-d654-432d-8206-34ad20a6d54e%22:%91%22link_text_color%22,%22link_text_color%22%93}\u00bb]<\/p>\n<p>S\u00famate a esta celebraci\u00f3n especial que se enmarca en el D\u00eda Internacional del Voluntariado y el 30 aniversario de la Federaci\u00f3n Riojana de Voluntariado Social.<\/p>\n<p>[\/et_pb_text][\/et_pb_column][\/et_pb_row][et_pb_row column_structure=\u00bb1_4,3_4&#8243; make_equal=\u00bbon\u00bb _builder_version=\u00bb4.25.1&#8243; _module_preset=\u00bbdefault\u00bb max_width=\u00bbnone\u00bb global_colors_info=\u00bb{}\u00bb][et_pb_column type=\u00bb1_4&#8243; _builder_version=\u00bb4.25.1&#8243; _module_preset=\u00bbdefault\u00bb background_color=\u00bb#FFFFFF\u00bb global_colors_info=\u00bb{}\u00bb][et_pb_button button_url=\u00bbhttps:\/\/forms.office.com\/Pages\/ResponsePage.aspx?id=i5BhAC3ZSUqgrE0o3BRX6PO37Mhl-79NsdBNrCjWpMRUNTFaM0xUSzFJTEpJRVAxVVhOQzRSNkFSMC4u\u00bb url_new_window=\u00bbon\u00bb button_text=\u00bb\u00a1VENTE Y \u00daNETE AL MOTOR QUE TRANSFORMA LA SOCIEDAD!\u00bb button_alignment=\u00bbcenter\u00bb _builder_version=\u00bb4.27.4&#8243; _module_preset=\u00bb_initial\u00bb custom_button=\u00bbon\u00bb button_text_size=\u00bb14px\u00bb button_text_color=\u00bb#000000&#8243; button_bg_color=\u00bb#FFFFFF\u00bb button_border_width=\u00bb0px\u00bb button_border_radius=\u00bb0px\u00bb button_font=\u00bbGraphik Bold|700||on|||||\u00bb position_origin_a=\u00bbcenter_center\u00bb position_origin_a_tablet=\u00bbcenter_left\u00bb position_origin_a_phone=\u00bbcenter_left\u00bb position_origin_a_last_edited=\u00bboff|desktop\u00bb position_origin_f_last_edited=\u00bboff|desktop\u00bb position_origin_r_last_edited=\u00bboff|desktop\u00bb custom_padding=\u00bb4vw|24px|4vw|24px|true|true\u00bb custom_padding_tablet=\u00bb16px||16px||true|true\u00bb custom_padding_phone=\u00bb16px||16px||true|true\u00bb custom_padding_last_edited=\u00bbon|desktop\u00bb positioning_tablet=\u00bbnone\u00bb positioning_phone=\u00bbnone\u00bb positioning_last_edited=\u00bboff|desktop\u00bb custom_css_main_element=\u00bbwidth: 100%;\u00bb global_colors_info=\u00bb{}\u00bb][\/et_pb_button][\/et_pb_column][et_pb_column type=\u00bb3_4&#8243; _builder_version=\u00bb4.25.1&#8243; _module_preset=\u00bbdefault\u00bb custom_padding=\u00bb60px||60px||true|false\u00bb custom_padding_tablet=\u00bb30px||30px||true|false\u00bb custom_padding_phone=\u00bb20px||20px||true|false\u00bb custom_padding_last_edited=\u00bbon|desktop\u00bb border_width_all=\u00bb2px\u00bb border_color_all=\u00bb#FFFFFF\u00bb global_colors_info=\u00bb{}\u00bb][et_pb_countdown_timer date_time=\u00bb2025-12-01 09:00&#8243; _builder_version=\u00bb4.27.4&#8243; _module_preset=\u00bb_initial\u00bb numbers_font=\u00bbInter|500|||||||\u00bb numbers_font_size=\u00bb56px\u00bb label_font=\u00bbInter|700||on|||||\u00bb label_text_color=\u00bb#FFFFFF\u00bb background_enable_color=\u00bboff\u00bb use_background_color=\u00bboff\u00bb numbers_font_size_tablet=\u00bb32px\u00bb numbers_font_size_phone=\u00bb20px\u00bb numbers_font_size_last_edited=\u00bbon|tablet\u00bb global_colors_info=\u00bb{}\u00bb][\/et_pb_countdown_timer][\/et_pb_column][\/et_pb_row][\/et_pb_section][et_pb_section fb_built=\u00bb1&#8243; admin_label=\u00bbAbout\u00bb _builder_version=\u00bb4.25.1&#8243; _module_preset=\u00bbdefault\u00bb overflow-x=\u00bbhidden\u00bb overflow-y=\u00bbhidden\u00bb collapsed=\u00bboff\u00bb global_colors_info=\u00bb{}\u00bb][et_pb_row column_structure=\u00bb1_2,1_2&#8243; _builder_version=\u00bb4.25.1&#8243; _module_preset=\u00bbdefault\u00bb global_colors_info=\u00bb{}\u00bb][et_pb_column type=\u00bb1_2&#8243; _builder_version=\u00bb4.25.1&#8243; _module_preset=\u00bbdefault\u00bb custom_padding=\u00bb10%||||false|false\u00bb custom_padding_tablet=\u00bb0px||||false|false\u00bb custom_padding_phone=\u00bb0px||||false|false\u00bb custom_padding_last_edited=\u00bbon|desktop\u00bb global_colors_info=\u00bb{}\u00bb][et_pb_heading title=\u00bbUNA SEMANA MUY ESPECIAL\u00bb _builder_version=\u00bb4.27.4&#8243; _module_preset=\u00bb_initial\u00bb title_level=\u00bbh4&#8243; title_font=\u00bbInter|700||on|||||\u00bb title_text_color=\u00bbgcid-9d5d11f9-d654-432d-8206-34ad20a6d54e\u00bb title_font_size=\u00bb14px\u00bb title_letter_spacing=\u00bb0.08em\u00bb title_line_height=\u00bb1.6em\u00bb custom_margin=\u00bb||10px||false|false\u00bb title_font_size_tablet=\u00bb13px\u00bb title_font_size_phone=\u00bb12px\u00bb title_font_size_last_edited=\u00bbon|desktop\u00bb global_colors_info=\u00bb{%22gcid-9d5d11f9-d654-432d-8206-34ad20a6d54e%22:%91%22title_text_color%22%93}\u00bb][\/et_pb_heading][et_pb_heading title=\u00bbLa gran celebraci\u00f3n del voluntariado\u00bb _builder_version=\u00bb4.27.4&#8243; _module_preset=\u00bb_initial\u00bb title_level=\u00bbh2&#8243; title_font=\u00bbGraphik Bold|500|||||||\u00bb title_font_size=\u00bb56px\u00bb title_line_height=\u00bb1.2em\u00bb custom_margin=\u00bb||||false|false\u00bb title_font_size_tablet=\u00bb32px\u00bb title_font_size_phone=\u00bb20px\u00bb title_font_size_last_edited=\u00bbon|desktop\u00bb global_colors_info=\u00bb{}\u00bb][\/et_pb_heading][et_pb_text quote_border_color=\u00bb#0300b4&#8243; _builder_version=\u00bb4.27.4&#8243; _module_preset=\u00bb_initial\u00bb text_font=\u00bbGraphik Regular||||||||\u00bb text_font_size=\u00bb16px\u00bb text_line_height=\u00bb1.8em\u00bb link_text_color=\u00bb#0300b4&#8243; quote_font=\u00bbInter|500|||||||\u00bb quote_text_color=\u00bb#333333&#8243; quote_font_size=\u00bb24px\u00bb quote_line_height=\u00bb1.4em\u00bb header_font=\u00bbInter|500|||||||\u00bb header_font_size=\u00bb90px\u00bb header_line_height=\u00bb1.2em\u00bb header_2_font=\u00bbInter|500|||||||\u00bb header_2_font_size=\u00bb56px\u00bb header_2_line_height=\u00bb1.2em\u00bb header_3_font=\u00bbInter|500|||||||\u00bb header_3_font_size=\u00bb36px\u00bb header_3_line_height=\u00bb1.3em\u00bb header_4_font=\u00bbInter|500|||||||\u00bb header_4_font_size=\u00bb24px\u00bb header_4_line_height=\u00bb1.4em\u00bb header_5_font=\u00bbInter|500|||||||\u00bb header_5_font_size=\u00bb20px\u00bb header_5_line_height=\u00bb1.4em\u00bb header_6_font=\u00bbInter|500|||||||\u00bb header_6_font_size=\u00bb16px\u00bb header_6_line_height=\u00bb1.4em\u00bb text_font_size_tablet=\u00bb15px\u00bb text_font_size_phone=\u00bb14px\u00bb text_font_size_last_edited=\u00bbon|desktop\u00bb quote_font_size_tablet=\u00bb16px\u00bb quote_font_size_phone=\u00bb15px\u00bb quote_font_size_last_edited=\u00bbon|desktop\u00bb header_font_size_tablet=\u00bb40px\u00bb header_font_size_phone=\u00bb24px\u00bb header_font_size_last_edited=\u00bbon|desktop\u00bb header_2_font_size_tablet=\u00bb32px\u00bb header_2_font_size_phone=\u00bb20px\u00bb header_2_font_size_last_edited=\u00bbon|desktop\u00bb header_3_font_size_tablet=\u00bb24px\u00bb header_3_font_size_phone=\u00bb18px\u00bb header_3_font_size_last_edited=\u00bbon|phone\u00bb header_4_font_size_tablet=\u00bb21px\u00bb header_4_font_size_phone=\u00bb16px\u00bb header_4_font_size_last_edited=\u00bbon|phone\u00bb header_5_font_size_tablet=\u00bb18px\u00bb header_5_font_size_phone=\u00bb15px\u00bb header_5_font_size_last_edited=\u00bbon|phone\u00bb header_6_font_size_tablet=\u00bb15px\u00bb header_6_font_size_phone=\u00bb14px\u00bb header_6_font_size_last_edited=\u00bbon|desktop\u00bb global_colors_info=\u00bb{}\u00bb]<\/p>\n<p>Durante cinco d\u00edas abrimos espacios para encontrarnos, reconocer lo construido y dar nuevos pasos. La I Semana del Voluntariado re\u00fane <strong>visitas y actividades en las entidades<\/strong>, <strong>una gran feria<\/strong> para conocer proyectos y participar en interesantes talleres, y un <strong>acto central<\/strong> que pone en valor a quienes hacen posible la solidaridad organizada en La Rioja.<\/p>\n<p>Adem\u00e1s, a lo largo de la Semana habr\u00e1 una <strong>pintura conmemorativa<\/strong> del voluntariado en el entorno del Puente de Piedra de Logro\u00f1o, como s\u00edmbolo de uni\u00f3n y compromiso social. Y el 5 de diciembre, con motivo del D\u00eda Internacional del Voluntariado, <strong>se iluminar\u00e1n de color azul el Puente de Piedra, el Cubo del Revell\u00edn y la Fuente Murrieta<\/strong>, para visibilizar el papel del voluntariado en nuestra tierra.<\/p>\n<p><strong>Esta Semana es una invitaci\u00f3n abierta a todas las miradas: personas voluntarias y quienes quieren serlo, ciudadan\u00eda a pie de calle, entidades, empresas y centros educativos&#8230;<\/strong>\u00a0<\/p>\n<p><strong>Ven y descubre c\u00f3mo el voluntariado te da la vida: suma experiencias reales, te conecta con personas y ayuda a transformar la comunidad.<\/strong><\/p>\n<p>[\/et_pb_text][et_pb_button button_text=\u00bbCu\u00e9ntalo en redes #SemanaDelVoluntariado\u00bb disabled_on=\u00bboff|off|off\u00bb _builder_version=\u00bb4.27.4&#8243; _module_preset=\u00bb_initial\u00bb custom_button=\u00bbon\u00bb button_text_size=\u00bb16px\u00bb button_text_color=\u00bb#FFFFFF\u00bb button_bg_color=\u00bb#0C71C3&#8243; button_border_width=\u00bb0px\u00bb button_border_radius=\u00bb0px\u00bb button_font=\u00bbGraphik Bold|700||on|||||\u00bb button_icon=\u00bb&#xf0a1;||fa||900&#8243; button_icon_placement=\u00bbleft\u00bb button_on_hover=\u00bboff\u00bb custom_padding=\u00bb16px|2vw|16px|2vw|true|true\u00bb global_colors_info=\u00bb{}\u00bb][\/et_pb_button][\/et_pb_column][et_pb_column type=\u00bb1_2&#8243; _builder_version=\u00bb4.25.1&#8243; _module_preset=\u00bbdefault\u00bb global_colors_info=\u00bb{}\u00bb][et_pb_image src=\u00bbhttps:\/\/www.voluntariadosocialrioja.org\/me-da-la-vida\/wp-content\/uploads\/2025\/11\/Voluntarios-Me-da-la-vida.jpg\u00bb align=\u00bbcenter\u00bb _builder_version=\u00bb4.27.4&#8243; _module_preset=\u00bbdefault\u00bb custom_margin=\u00bb|0%|||false|false\u00bb custom_margin_tablet=\u00bb|0vw|||false|false\u00bb custom_margin_phone=\u00bb|0vw|||false|false\u00bb custom_margin_last_edited=\u00bbon|desktop\u00bb scroll_vertical_motion=\u00bb0|50|50|100|1|0|-1&#8243; sticky_position_last_edited=\u00bboff|desktop\u00bb global_colors_info=\u00bb{}\u00bb][\/et_pb_image][et_pb_text _builder_version=\u00bb4.27.4&#8243; _module_preset=\u00bbdefault\u00bb text_font=\u00bbGraphik Regular||||||||\u00bb text_text_color=\u00bbrgba(0,0,0,0.61)\u00bb text_orientation=\u00bbcenter\u00bb width=\u00bb80%\u00bb width_tablet=\u00bb80%\u00bb width_phone=\u00bb80%\u00bb width_last_edited=\u00bbon|phone\u00bb module_alignment=\u00bbcenter\u00bb global_colors_info=\u00bb{}\u00bb]<\/p>\n<p>En La Rioja, miles de personas ya colaboran con entidades sociales y comparten su tiempo para mejorar la vida de otras\u2026 y la suya. Es el caso de Chus (AECC), I\u00f1aqui (ARSIDO), Alejandro (Cruz Roja) y Camila (YMCA).<\/p>\n<p>[\/et_pb_text][\/et_pb_column][\/et_pb_row][\/et_pb_section][et_pb_section fb_built=\u00bb1&#8243; admin_label=\u00bbWorkshops\u00bb _builder_version=\u00bb4.25.1&#8243; _module_preset=\u00bbdefault\u00bb collapsed=\u00bboff\u00bb global_colors_info=\u00bb{}\u00bb][et_pb_row _builder_version=\u00bb4.25.1&#8243; _module_preset=\u00bbdefault\u00bb global_colors_info=\u00bb{}\u00bb][et_pb_column type=\u00bb4_4&#8243; _builder_version=\u00bb4.25.1&#8243; _module_preset=\u00bbdefault\u00bb global_colors_info=\u00bb{}\u00bb][et_pb_heading title=\u00bbPrograma\u00bb _builder_version=\u00bb4.27.4&#8243; _module_preset=\u00bb_initial\u00bb title_level=\u00bbh2&#8243; title_font=\u00bbGraphik Bold|500|||||||\u00bb title_font_size=\u00bb56px\u00bb title_line_height=\u00bb1.2em\u00bb title_font_size_tablet=\u00bb32px\u00bb title_font_size_phone=\u00bb20px\u00bb title_font_size_last_edited=\u00bbon|desktop\u00bb global_colors_info=\u00bb{}\u00bb][\/et_pb_heading][\/et_pb_column][\/et_pb_row][et_pb_row column_structure=\u00bb3_4,1_4&#8243; custom_padding_last_edited=\u00bboff|desktop\u00bb _builder_version=\u00bb4.25.1&#8243; _module_preset=\u00bbdefault\u00bb max_width=\u00bb1120px\u00bb custom_margin=\u00bb||20px||false|false\u00bb custom_padding=\u00bb20px|20px|20px|20px|true|true\u00bb link_option_url=\u00bb#\u00bb box_shadow_style=\u00bbpreset1&#8243; box_shadow_vertical=\u00bb20px\u00bb box_shadow_blur=\u00bb40px\u00bb box_shadow_color=\u00bbRGBA(255,255,255,0)\u00bb global_colors_info=\u00bb{}\u00bb custom_padding__hover_enabled=\u00bboff|desktop\u00bb custom_padding__hover=\u00bb|20px||20px|true|true\u00bb border_radii__hover_enabled=\u00bbon|desktop\u00bb border_radii__hover=\u00bbon|12px|12px|12px|12px\u00bb box_shadow_color__hover_enabled=\u00bbon|desktop\u00bb box_shadow_color__hover=\u00bbrgba(0,0,0,0.07)\u00bb][et_pb_column type=\u00bb3_4&#8243; _builder_version=\u00bb4.25.1&#8243; _module_preset=\u00bbdefault\u00bb global_colors_info=\u00bb{}\u00bb][et_pb_blurb title=\u00bbActividades y puertas abiertas \u00bb image=\u00bbhttps:\/\/www.voluntariadosocialrioja.org\/me-da-la-vida\/wp-content\/uploads\/2025\/11\/conference-event-icon-01-1.png\u00bb icon_placement=\u00bbleft\u00bb image_icon_width=\u00bb80px\u00bb content_max_width=\u00bb100%\u00bb image_icon_width_tablet=\u00bb80px\u00bb image_icon_width_phone=\u00bb10vw\u00bb image_icon_width_last_edited=\u00bbon|phone\u00bb content_tablet=\u00bb<\/p>\n<p>Durante tres d\u00edas, las entidades sociales abren sus sedes y proponen actividades para acercar su labor a la ciudadan\u00eda: podr\u00e1s conocer proyectos por dentro, conversar con equipos y personas voluntarias y descubrir, de primera mano, c\u00f3mo participar.<\/p>\n<p>Puedes inscribirte en las <strong>jornadas de puertas abiertas<\/strong> de una o varias entidades como CCEM, C\u00e1ritas La Rioja, Fundaci\u00f3n Pioneros, Consejo de la Juventud Comarcal de Calahorra, Asociaci\u00f3n Espa\u00f1ola contra el C\u00e1ncer, Cocina Econ\u00f3mica de La Rioja, ASPACE Rioja, Proyecto Hombre, Asociaci\u00f3n Color, APIR e YMCA (Logro\u00f1o y Haro).<\/p>\n<p>Adem\u00e1s, tambi\u00e9n puedes apuntarte para participar en <strong>actividades diversas<\/strong> como: limpieza del r\u00edo Ebro, cinef\u00f3rum, talleres b\u00e1sicos de primeros auxilios, taller de lengua de signos, charla sobre \u201cVoluntariado y migraci\u00f3n\u201d y encuentro de voluntariado joven.<\/p>\n<p>\u00bb content_phone=\u00bb<\/p>\n<p>&#8212;<\/p>\n<p><span style=%22color: #3d7cbf;%22><strong>1, 2 y 3 DE DICIEMBRE<br \/><\/strong><strong>SEDES DE LAS ENTIDADES<\/strong><\/span><\/p>\n<p>Durante tres d\u00edas, las entidades sociales abren sus sedes y proponen actividades para acercar su labor a la ciudadan\u00eda: podr\u00e1s conocer proyectos por dentro, conversar con equipos y personas voluntarias y descubrir, de primera mano, c\u00f3mo participar.<\/p>\n<p>Puedes inscribirte en las <strong>jornadas de puertas abiertas<\/strong> de una o varias entidades como CCEM, C\u00e1ritas La Rioja, Fundaci\u00f3n Pioneros, Consejo de la Juventud Comarcal de Calahorra, Asociaci\u00f3n Espa\u00f1ola contra el C\u00e1ncer, Cocina Econ\u00f3mica de La Rioja, ASPACE Rioja, Proyecto Hombre, Asociaci\u00f3n Color, APIR e YMCA (Logro\u00f1o y Haro).<\/p>\n<p>Adem\u00e1s, tambi\u00e9n puedes apuntarte para participar en <strong>actividades diversas<\/strong> como: limpieza del r\u00edo Ebro, cinef\u00f3rum, talleres b\u00e1sicos de primeros auxilios, taller de lengua de signos, charla sobre \u201cVoluntariado y migraci\u00f3n\u201d y encuentro de voluntariado joven.<\/p>\n<p>\u00bb content_last_edited=\u00bbon|phone\u00bb module_class=\u00bbanuncio-sin-enlace\u00bb _builder_version=\u00bb4.27.4&#8243; _module_preset=\u00bb_initial\u00bb header_font=\u00bbGraphik Bold|500||on|||||\u00bb header_font_size=\u00bb24px\u00bb header_line_height=\u00bb1.4em\u00bb body_line_height=\u00bb1.8em\u00bb image_icon_custom_margin=\u00bb|10px|||false|false\u00bb animation=\u00bboff\u00bb link_option_url_new_window=\u00bbon\u00bb header_font_size_tablet=\u00bb16px\u00bb header_font_size_phone=\u00bb15px\u00bb header_font_size_last_edited=\u00bbon|desktop\u00bb locked=\u00bboff\u00bb global_colors_info=\u00bb{%22gcid-9d5d11f9-d654-432d-8206-34ad20a6d54e%22:%91%22link_text_color%22,%22quote_border_color%22,%22link_text_color%22,%22quote_border_color%22,%22link_text_color%22,%22quote_border_color%22,%22link_text_color%22,%22quote_border_color%22%93,%22gcid-b6028d43-4027-4a22-87a1-1d6e61b15b8b%22:%91%22quote_text_color%22,%22quote_text_color%22,%22quote_text_color%22,%22quote_text_color%22%93}\u00bb quote_font_size_tablet=\u00bb16px\u00bb quote_font_size_phone=\u00bb15px\u00bb quote_font_size_last_edited=\u00bbon|desktop\u00bb]<\/p>\n<p>Durante tres d\u00edas, las entidades sociales abren sus sedes y proponen actividades para acercar su labor a la ciudadan\u00eda: podr\u00e1s conocer proyectos por dentro, conversar con equipos y personas voluntarias y descubrir, de primera mano, c\u00f3mo participar.<\/p>\n<p>Puedes inscribirte en las <strong>jornadas de puertas abiertas<\/strong> de una o varias entidades o participar en <strong>actividades diversas<\/strong> como: limpieza del r\u00edo Ebro, cinef\u00f3rum, talleres b\u00e1sicos de primeros auxilios, taller de lengua de signos, charla sobre \u201cVoluntariado y migraci\u00f3n\u201d y encuentro de voluntariado joven.<\/p>\n<p>Con estas acciones podr\u00e1s conocer la labor de ACCEM, APIR, ASPACE Rioja, Asociaci\u00f3n Color, Asociaci\u00f3n de Personas Sordas de La Rioja, Asociaci\u00f3n Espa\u00f1ola Contra el C\u00e1ncer, C\u00e1ritas La Rioja, Cocina Econ\u00f3mica de Logro\u00f1o, Consejo de la Juventud Comarcal de Calahorra, Cruz Roja, Fundaci\u00f3n Pioneros, Proyecto Hombre e YMCA.<\/p>\n<p>En este <a href=\"https:\/\/forms.office.com\/Pages\/ResponsePage.aspx?id=i5BhAC3ZSUqgrE0o3BRX6PO37Mhl-79NsdBNrCjWpMRUNTFaM0xUSzFJTEpJRVAxVVhOQzRSNkFSMC4u\" target=\"_blank\" rel=\"noopener\">enlace<\/a> tienes disponibles los horarios, detalles y fichas de inscripci\u00f3n.<\/p>\n<p>[\/et_pb_blurb][et_pb_accordion _builder_version=\u00bb4.27.4&#8243; _module_preset=\u00bbdefault\u00bb toggle_font=\u00bb|600||on|||||\u00bb global_colors_info=\u00bb{}\u00bb][et_pb_accordion_item title=\u00bbActividades y talleres \u00bb open=\u00bbon\u00bb _builder_version=\u00bb4.27.4&#8243; _module_preset=\u00bbdefault\u00bb global_colors_info=\u00bb{}\u00bb]<\/p>\n<p>\u2022 Limpieza r\u00edo Ebro \u2013 zona Riojaforum \u2013 1 de diciembre, 11-12.30 h | Organiza: Cruz Roja Espa\u00f1ola en La Rioja <br \/>\u2022 Cinef\u00f3rum \u2013 1 de diciembre, 17.30 h | Organiza: YMCA Haro <br \/>\u2022 Soy YMCA: Mi Historia de Voluntariado \u2013 2 de diciembre, 17.00 h | Organiza: YMCA Logro\u00f1o <br \/>\u2022 Charla sobre los servicios de la asociaci\u00f3n \u2013 2 de diciembre, 17 h | Organiza: Asociaci\u00f3n Espa\u00f1ola contra el C\u00e1ncer <br \/>\u2022 Taller b\u00e1sico de primeros auxilios \u2013 2 de diciembre, 17-19 h | Organiza: Cruz Roja Espa\u00f1ola en La Rioja <br \/>\u2022 Taller de lenguaje de signos \u2013 2 de diciembre, 11-13 h | Organiza: Asociaci\u00f3n de Personas Sordas de La Rioja <br \/>\u2022 Taller b\u00e1sico de primeros auxilios \u2013 3 de diciembre, 10-12 h | Organiza: Cruz Roja Espa\u00f1ola en La Rioja <br \/>\u2022 Charla Voluntariado y migraci\u00f3n \u2013 3 de diciembre, 12-14 h <br \/>\u2022 Encuentro de voluntarios \u2013 3 de diciembre, 18 h | Organiza: Consejo de la Juventud Comarcal de Calahorra <\/p>\n<p>[\/et_pb_accordion_item][et_pb_accordion_item title=\u00bbVisitas a entidades \u00bb _builder_version=\u00bb4.27.4&#8243; _module_preset=\u00bbdefault\u00bb global_colors_info=\u00bb{}\u00bb open=\u00bboff\u00bb]<\/p>\n<p>\u2022 ACCEM \u2013 1 de diciembre, 12-14 h<br \/>\u2022 C\u00c1RITAS DIOCESANA DE LA RIOJA \u2013 1 de diciembre, 11-12 h <br \/>\u2022 FUNDACI\u00d3N PIONEROS \u2013 1 de diciembre, 17.30 h <br \/>\u2022 CONSEJO DE LA JUVENTUD COMARCAL DE CALAHORRA \u2013 1, 2 o 3 de diciembre, 8-14 h y 16-20 h <br \/>\u2022 ASOCIACI\u00d3N ESPA\u00d1OLA CONTRA EL C\u00c1NCER \u2013 2 de diciembre, 12-14 h <br \/>\u2022 COCINA ECON\u00d3MICA DE LOGRO\u00d1O \u2013 2 de diciembre, 10-11 h y 11-12 h <br \/>\u2022 ASPACE-RIOJA \u2013 2 de diciembre, 11-12 h <br \/>\u2022 PROYECTO HOMBRE \u2013 3 de diciembre, 11-13 h <br \/>\u2022 ASOCIACI\u00d3N COLOR \u2013 3 de diciembre, 9.30-14 h <br \/>\u2022 APIR \u2013 3 de diciembre, 16.30-18 h <br \/>\u2022 YMCA \u2013 3 de diciembre, 17.30 h \u2013 <br \/>\u2022 YMCA HARO \u2013 3 de diciembre, 17.30 h <\/p>\n<p>[\/et_pb_accordion_item][\/et_pb_accordion][\/et_pb_column][et_pb_column type=\u00bb1_4&#8243; _builder_version=\u00bb4.25.1&#8243; _module_preset=\u00bbdefault\u00bb global_colors_info=\u00bb{}\u00bb][et_pb_heading title=\u00bb1, 2 y 3 de diciembre\u00bb disabled_on=\u00bbon|off|off\u00bb _builder_version=\u00bb4.27.4&#8243; _module_preset=\u00bb_initial\u00bb title_level=\u00bbh4&#8243; title_font=\u00bbGraphik Bold|700||on|||||\u00bb title_text_align=\u00bbright\u00bb title_text_color=\u00bb#0C71C3&#8243; title_font_size=\u00bb14px\u00bb title_letter_spacing=\u00bb0.08em\u00bb title_line_height=\u00bb1.6em\u00bb custom_margin=\u00bb||0px||false|false\u00bb title_text_align_tablet=\u00bbleft\u00bb title_text_align_phone=\u00bbleft\u00bb title_text_align_last_edited=\u00bbon|tablet\u00bb title_font_size_tablet=\u00bb13px\u00bb title_font_size_phone=\u00bb12px\u00bb title_font_size_last_edited=\u00bbon|desktop\u00bb global_colors_info=\u00bb{}\u00bb][\/et_pb_heading][et_pb_text disabled_on=\u00bbon|off|off\u00bb _builder_version=\u00bb4.27.4&#8243; _module_preset=\u00bb_initial\u00bb header_font=\u00bbGraphik Bold|700||on|||||\u00bb header_text_align=\u00bbright\u00bb header_text_color=\u00bb#0C71C3&#8243; header_font_size=\u00bb14px\u00bb header_letter_spacing=\u00bb0.08em\u00bb header_line_height=\u00bb1.6em\u00bb header_2_font=\u00bbGraphik Bold|700||on|||||\u00bb header_2_text_align=\u00bbright\u00bb header_2_text_color=\u00bb#0C71C3&#8243; header_2_font_size=\u00bb14px\u00bb header_2_letter_spacing=\u00bb0.08em\u00bb header_2_line_height=\u00bb1.6em\u00bb header_3_font=\u00bbGraphik Bold|700||on|||||\u00bb header_3_text_align=\u00bbright\u00bb header_3_text_color=\u00bb#0C71C3&#8243; header_3_font_size=\u00bb14px\u00bb header_3_letter_spacing=\u00bb0.08em\u00bb header_3_line_height=\u00bb1.6em\u00bb header_4_font=\u00bbGraphik Bold|700||on|||||\u00bb header_4_text_align=\u00bbright\u00bb header_4_text_color=\u00bb#0C71C3&#8243; header_4_font_size=\u00bb14px\u00bb header_4_letter_spacing=\u00bb0.08em\u00bb header_4_line_height=\u00bb1.6em\u00bb header_5_font=\u00bbGraphik Bold|700||on|||||\u00bb header_5_text_align=\u00bbright\u00bb header_5_text_color=\u00bb#0C71C3&#8243; header_5_font_size=\u00bb14px\u00bb header_5_letter_spacing=\u00bb0.08em\u00bb header_5_line_height=\u00bb1.6em\u00bb header_6_font=\u00bbGraphik Bold|700||on|||||\u00bb header_6_text_align=\u00bbright\u00bb header_6_text_color=\u00bb#0C71C3&#8243; header_6_letter_spacing=\u00bb0.08em\u00bb header_6_line_height=\u00bb1.6em\u00bb text_orientation=\u00bbright\u00bb header_text_align_tablet=\u00bbleft\u00bb header_text_align_phone=\u00bbleft\u00bb header_text_align_last_edited=\u00bbon|tablet\u00bb header_font_size_tablet=\u00bb13px\u00bb header_font_size_phone=\u00bb12px\u00bb header_font_size_last_edited=\u00bbon|desktop\u00bb header_2_text_align_tablet=\u00bbleft\u00bb header_2_text_align_phone=\u00bbleft\u00bb header_2_text_align_last_edited=\u00bbon|tablet\u00bb header_2_font_size_tablet=\u00bb13px\u00bb header_2_font_size_phone=\u00bb12px\u00bb header_2_font_size_last_edited=\u00bbon|desktop\u00bb header_3_text_align_tablet=\u00bbleft\u00bb header_3_text_align_phone=\u00bbleft\u00bb header_3_text_align_last_edited=\u00bbon|tablet\u00bb header_3_font_size_tablet=\u00bb13px\u00bb header_3_font_size_phone=\u00bb12px\u00bb header_3_font_size_last_edited=\u00bbon|desktop\u00bb header_4_text_align_tablet=\u00bbleft\u00bb header_4_text_align_phone=\u00bbleft\u00bb header_4_text_align_last_edited=\u00bbon|tablet\u00bb header_4_font_size_tablet=\u00bb13px\u00bb header_4_font_size_phone=\u00bb12px\u00bb header_4_font_size_last_edited=\u00bbon|desktop\u00bb header_5_text_align_tablet=\u00bbleft\u00bb header_5_text_align_phone=\u00bbleft\u00bb header_5_text_align_last_edited=\u00bbon|tablet\u00bb header_5_font_size_tablet=\u00bb13px\u00bb header_5_font_size_phone=\u00bb12px\u00bb header_5_font_size_last_edited=\u00bbon|desktop\u00bb header_6_text_align_tablet=\u00bbleft\u00bb header_6_text_align_phone=\u00bbleft\u00bb header_6_text_align_last_edited=\u00bbon|tablet\u00bb header_6_font_size_tablet=\u00bb13px\u00bb header_6_font_size_phone=\u00bb12px\u00bb header_6_font_size_last_edited=\u00bbon|desktop\u00bb text_orientation_tablet=\u00bbleft\u00bb text_orientation_phone=\u00bbleft\u00bb text_orientation_last_edited=\u00bbon|tablet\u00bb global_colors_info=\u00bb{}\u00bb]<\/p>\n<p><strong>SEDES DE LAS ENTIDADES<\/strong><\/p>\n<p>[\/et_pb_text][\/et_pb_column][\/et_pb_row][et_pb_row column_structure=\u00bb3_4,1_4&#8243; _builder_version=\u00bb4.25.1&#8243; _module_preset=\u00bbdefault\u00bb max_width=\u00bb1120px\u00bb custom_margin=\u00bb||20px||false|false\u00bb custom_padding=\u00bb20px|20px|20px|20px|true|true\u00bb link_option_url=\u00bb#\u00bb box_shadow_style=\u00bbpreset1&#8243; box_shadow_vertical=\u00bb20px\u00bb box_shadow_blur=\u00bb40px\u00bb box_shadow_color=\u00bbRGBA(255,255,255,0)\u00bb global_colors_info=\u00bb{}\u00bb custom_padding__hover_enabled=\u00bbon|desktop\u00bb custom_padding__hover=\u00bb|20px||20px|true|true\u00bb border_radii__hover_enabled=\u00bbon|desktop\u00bb border_radii__hover=\u00bbon|12px|12px|12px|12px\u00bb box_shadow_color__hover_enabled=\u00bbon|desktop\u00bb box_shadow_color__hover=\u00bbrgba(0,0,0,0.07)\u00bb][et_pb_column type=\u00bb3_4&#8243; _builder_version=\u00bb4.25.1&#8243; _module_preset=\u00bbdefault\u00bb global_colors_info=\u00bb{}\u00bb][et_pb_blurb title=\u00bbFeria de Asociaciones \u00bb image=\u00bbhttps:\/\/www.voluntariadosocialrioja.org\/me-da-la-vida\/wp-content\/uploads\/2025\/11\/conference-event-icon-02-2x.png\u00bb icon_placement=\u00bbleft\u00bb image_icon_width=\u00bb80px\u00bb content_max_width=\u00bb100%\u00bb image_icon_width_tablet=\u00bb80px\u00bb image_icon_width_phone=\u00bb10vw\u00bb image_icon_width_last_edited=\u00bbon|phone\u00bb content_tablet=\u00bb<\/p>\n<p>Un gran punto de encuentro para conocer entidades, proyectos y necesidades reales de voluntariado. La jornada incluye inauguraci\u00f3n y presentaci\u00f3n de campa\u00f1a, una mesa redonda sobre el voluntariado como desarrollo de la persona, caf\u00e9 &#038; networking, y cuatro talleres tem\u00e1ticos en paralelo (comunicaci\u00f3n, competencias clave, voluntariado corporativo y aprendizaje-servicio).<\/p>\n<ul>\n<li>9:30 h \u2013 Inauguraci\u00f3n oficial y presentaci\u00f3n de la \u00faltima campa\u00f1a de voluntariado.<\/li>\n<li>10:00 h \u2013 Mesa redonda: \u201cVoluntariado, desarrollo de la persona\u201d.<\/li>\n<li>10:45 h \u2013 11:30 h \u2013 Caf\u00e9 y espacio de networking.<\/li>\n<li>11:30 h \u2013 13:30 h \u2013 Grupos focales simult\u00e1neos con cuatro talleres tem\u00e1ticos:<br \/>&#8211; \u201cComunicaci\u00f3n en el voluntariado\u201d.<br \/>&#8211; \u201cCompetencias y habilidades clave del voluntariado\u201d.<br \/>&#8211; \u201cVoluntariado corporativo\u201d.<br \/>&#8211; \u201cAprendizaje-servicio en centros educativos\u201d.<\/li>\n<\/ul>\n<p>Adem\u00e1s&#8230;<\/p>\n<ul>\n<li>Visionado de los cortometrajes premiados en el certamen \u201cLa solidaridad tiene un premio\u201d.<\/li>\n<li>Exposici\u00f3n de fotograf\u00edas del Concurso de Fotograf\u00eda \u201cY t\u00fa, \u00bfc\u00f3mo ves el voluntariado?\u201d.<\/li>\n<\/ul>\n<p>\u00bb content_phone=\u00bb<\/p>\n<p>&#8212;<\/p>\n<p><span style=%22color: #3d7cbf;%22><strong>4 DE DICIEMBRE<br \/><\/strong><strong>RIOJAFORUM<\/strong><\/span><\/p>\n<p>Un gran punto de encuentro para conocer entidades, proyectos y necesidades reales de voluntariado. La jornada incluye inauguraci\u00f3n y presentaci\u00f3n de campa\u00f1a, una mesa redonda sobre el voluntariado como desarrollo de la persona, caf\u00e9 &#038; networking, y cuatro talleres tem\u00e1ticos en paralelo (comunicaci\u00f3n, competencias clave, voluntariado corporativo y aprendizaje-servicio).<\/p>\n<ul>\n<li>9:30 h \u2013 Inauguraci\u00f3n oficial y presentaci\u00f3n de la \u00faltima campa\u00f1a de voluntariado.<\/li>\n<li>10:00 h \u2013 Mesa redonda: \u201cVoluntariado, desarrollo de la persona\u201d.<\/li>\n<li>10:45 h \u2013 11:30 h \u2013 Caf\u00e9 y espacio de networking.<\/li>\n<li>11:30 h \u2013 13:30 h \u2013 Grupos focales simult\u00e1neos con cuatro talleres tem\u00e1ticos:<br \/>&#8211; \u201cComunicaci\u00f3n en el voluntariado\u201d.<br \/>&#8211; \u201cCompetencias y habilidades clave del voluntariado\u201d.<br \/>&#8211; \u201cVoluntariado corporativo\u201d.<br \/>&#8211; \u201cAprendizaje-servicio en centros educativos\u201d.<\/li>\n<\/ul>\n<p>Adem\u00e1s&#8230;<\/p>\n<ul>\n<li>Visionado de los cortometrajes premiados en el certamen \u201cLa solidaridad tiene un premio\u201d.<\/li>\n<li>Exposici\u00f3n de fotograf\u00edas del Concurso de Fotograf\u00eda \u201cY t\u00fa, \u00bfc\u00f3mo ves el voluntariado?\u201d.<\/li>\n<\/ul>\n<p>\u00bb content_last_edited=\u00bbon|phone\u00bb module_class=\u00bbanuncio-sin-enlace\u00bb _builder_version=\u00bb4.27.4&#8243; _module_preset=\u00bb_initial\u00bb header_font=\u00bbGraphik Bold|500||on|||||\u00bb header_font_size=\u00bb24px\u00bb header_line_height=\u00bb1.4em\u00bb body_font=\u00bbGraphik Regular||||||||\u00bb body_line_height=\u00bb1.8em\u00bb image_icon_custom_margin=\u00bb|10px|||false|false\u00bb animation=\u00bboff\u00bb link_option_url_new_window=\u00bbon\u00bb header_font_size_tablet=\u00bb16px\u00bb header_font_size_phone=\u00bb15px\u00bb header_font_size_last_edited=\u00bbon|desktop\u00bb locked=\u00bboff\u00bb global_colors_info=\u00bb{%22gcid-9d5d11f9-d654-432d-8206-34ad20a6d54e%22:%91%22link_text_color%22,%22quote_border_color%22,%22link_text_color%22,%22quote_border_color%22,%22link_text_color%22,%22quote_border_color%22,%22link_text_color%22,%22quote_border_color%22,%22link_text_color%22,%22quote_border_color%22,%22link_text_color%22,%22quote_border_color%22%93,%22gcid-b6028d43-4027-4a22-87a1-1d6e61b15b8b%22:%91%22quote_text_color%22,%22quote_text_color%22,%22quote_text_color%22,%22quote_text_color%22,%22quote_text_color%22,%22quote_text_color%22%93}\u00bb quote_font_size_tablet=\u00bb16px\u00bb quote_font_size_phone=\u00bb15px\u00bb quote_font_size_last_edited=\u00bbon|desktop\u00bb]<\/p>\n<p>Un gran punto de encuentro para conocer entidades, proyectos y necesidades reales de voluntariado. La jornada incluye inauguraci\u00f3n y presentaci\u00f3n de campa\u00f1a, una mesa redonda sobre el voluntariado como desarrollo de la persona, caf\u00e9 &amp; networking, y cuatro talleres tem\u00e1ticos en paralelo.<\/p>\n<ul>\n<li>9:30 h \u2013 Inauguraci\u00f3n oficial y presentaci\u00f3n de la \u00faltima campa\u00f1a de voluntariado.<\/li>\n<li>10:00 h \u2013 Mesa redonda: \u201cVoluntariado, desarrollo de la persona\u201d.<\/li>\n<li>10:45 h \u2013 11:30 h \u2013 Caf\u00e9 y espacio de networking.<\/li>\n<li>11:30 h \u2013 13:30 h \u2013 Grupos focales simult\u00e1neos con cuatro talleres tem\u00e1ticos:<br \/>&#8211; \u201cComunicaci\u00f3n en el voluntariado\u201d.<br \/>&#8211; \u201cCompetencias y habilidades clave del voluntariado\u201d.<br \/>&#8211; \u201cVoluntariado corporativo\u201d.<br \/>&#8211; \u201cAprendizaje-servicio en centros educativos\u201d.<\/li>\n<\/ul>\n<p>Adem\u00e1s&#8230;<\/p>\n<ul>\n<li>Visionado de los cortometrajes premiados en el certamen \u201cLa solidaridad tiene un premio\u201d.<\/li>\n<li>Exposici\u00f3n de fotograf\u00edas del Concurso de Fotograf\u00eda \u201cY t\u00fa, \u00bfc\u00f3mo ves el voluntariado?\u201d.<\/li>\n<\/ul>\n<p>[\/et_pb_blurb][et_pb_button button_url=\u00bbhttps:\/\/forms.office.com\/Pages\/ResponsePage.aspx?id=i5BhAC3ZSUqgrE0o3BRX6PO37Mhl-79NsdBNrCjWpMRUNTFaM0xUSzFJTEpJRVAxVVhOQzRSNkFSMC4u\u00bb url_new_window=\u00bbon\u00bb button_text=\u00bbap\u00fantate aqu\u00ed\u00bb button_alignment=\u00bbcenter\u00bb disabled_on=\u00bbon|on|on\u00bb _builder_version=\u00bb4.27.4&#8243; _module_preset=\u00bbdefault\u00bb custom_button=\u00bbon\u00bb button_text_size=\u00bb14px\u00bb button_text_color=\u00bb#FFFFFF\u00bb button_bg_color=\u00bb#0C71C3&#8243; button_border_width=\u00bb0px\u00bb button_border_radius=\u00bb0px\u00bb button_font=\u00bbInter|700||on|||||\u00bb custom_padding=\u00bb16px|24px|16px|24px|true|true\u00bb disabled=\u00bbon\u00bb global_colors_info=\u00bb{}\u00bb][\/et_pb_button][\/et_pb_column][et_pb_column type=\u00bb1_4&#8243; _builder_version=\u00bb4.25.1&#8243; _module_preset=\u00bbdefault\u00bb global_colors_info=\u00bb{}\u00bb][et_pb_heading title=\u00bb4 de diciembre\u00bb disabled_on=\u00bbon|off|off\u00bb _builder_version=\u00bb4.27.4&#8243; _module_preset=\u00bb_initial\u00bb title_level=\u00bbh4&#8243; title_font=\u00bbGraphik Bold|700||on|||||\u00bb title_text_align=\u00bbright\u00bb title_text_color=\u00bb#0C71C3&#8243; title_font_size=\u00bb14px\u00bb title_letter_spacing=\u00bb0.08em\u00bb title_line_height=\u00bb1.6em\u00bb custom_margin=\u00bb||0px||false|false\u00bb title_text_align_tablet=\u00bbleft\u00bb title_text_align_phone=\u00bbleft\u00bb title_text_align_last_edited=\u00bbon|tablet\u00bb title_font_size_tablet=\u00bb13px\u00bb title_font_size_phone=\u00bb12px\u00bb title_font_size_last_edited=\u00bbon|desktop\u00bb global_colors_info=\u00bb{}\u00bb][\/et_pb_heading][et_pb_text disabled_on=\u00bbon|off|off\u00bb _builder_version=\u00bb4.27.4&#8243; _module_preset=\u00bb_initial\u00bb text_orientation=\u00bbright\u00bb text_orientation_tablet=\u00bbleft\u00bb text_orientation_phone=\u00bbleft\u00bb text_orientation_last_edited=\u00bbon|tablet\u00bb global_colors_info=\u00bb{}\u00bb]<\/p>\n<p><strong>RIOJAFORUM<\/strong><\/p>\n<p>[\/et_pb_text][\/et_pb_column][\/et_pb_row][et_pb_row column_structure=\u00bb3_4,1_4&#8243; _builder_version=\u00bb4.25.1&#8243; _module_preset=\u00bbdefault\u00bb max_width=\u00bb1120px\u00bb custom_margin=\u00bb||20px||false|false\u00bb custom_padding=\u00bb20px|20px|20px|20px|true|true\u00bb link_option_url=\u00bb#\u00bb box_shadow_style=\u00bbpreset1&#8243; box_shadow_vertical=\u00bb20px\u00bb box_shadow_blur=\u00bb40px\u00bb box_shadow_color=\u00bbRGBA(255,255,255,0)\u00bb global_colors_info=\u00bb{}\u00bb custom_padding__hover_enabled=\u00bbon|desktop\u00bb custom_padding__hover=\u00bb|20px||20px|true|true\u00bb border_radii__hover_enabled=\u00bbon|desktop\u00bb border_radii__hover=\u00bbon|12px|12px|12px|12px\u00bb box_shadow_color__hover_enabled=\u00bbon|desktop\u00bb box_shadow_color__hover=\u00bbrgba(0,0,0,0.07)\u00bb][et_pb_column type=\u00bb3_4&#8243; _builder_version=\u00bb4.25.1&#8243; _module_preset=\u00bbdefault\u00bb global_colors_info=\u00bb{}\u00bb][et_pb_blurb title=\u00bbActo central del D\u00eda Internacional del Voluntariado\u00bb image=\u00bbhttps:\/\/www.voluntariadosocialrioja.org\/me-da-la-vida\/wp-content\/uploads\/2025\/11\/conference-event-icon-07-2x.png\u00bb icon_placement=\u00bbleft\u00bb image_icon_width=\u00bb80px\u00bb content_max_width=\u00bb100%\u00bb image_icon_width_tablet=\u00bb80px\u00bb image_icon_width_phone=\u00bb10vw\u00bb image_icon_width_last_edited=\u00bbon|phone\u00bb content_tablet=\u00bbCerramos la Semana con un acto que celebra y hace visible la fuerza del voluntariado. Es un momento para agradecer, sumar y proyectar el futuro del voluntariado en La Rioja.<\/p>\n<ul>\n<li>11:30 h \u2013 Asamblea General y Extraordinaria de la FRVS.<\/li>\n<li>13:00 h \u2013 Acto institucional: lectura del manifiesto y entrega del borrador de la Ley de Voluntariado.<br \/>\nAl final del acto se ofrecer\u00e1 un lunch.<\/li>\n<\/ul>\n<p>\u00bb content_phone=\u00bb&#8212;<\/p>\n<p><span style=%22color: #3d7cbf;%22><strong>5 DE DICIEMBRE<br \/>\n<\/strong><strong>LA CAPILLA (c\/ Marqu\u00e9s de Murrieta 76, Logro\u00f1o)<\/strong><\/span><\/p>\n<p>Cerramos la Semana con un acto que celebra y hace visible la fuerza del voluntariado. Es un momento para agradecer, sumar y proyectar el futuro del voluntariado en La Rioja.<\/p>\n<ul>\n<li>11:30 h \u2013 Asamblea General y Extraordinaria de la FRVS.<\/li>\n<li>13:00 h \u2013 Acto institucional: lectura del manifiesto y entrega del borrador de la Ley de Voluntariado.<br \/>\nAl final del acto se ofrecer\u00e1 un lunch.<\/li>\n<\/ul>\n<p>\u00bb content_last_edited=\u00bbon|phone\u00bb module_class=\u00bbanuncio-sin-enlace\u00bb _builder_version=\u00bb4.27.4&#8243; _module_preset=\u00bb_initial\u00bb header_font=\u00bbGraphik Bold|500||on|||||\u00bb header_font_size=\u00bb24px\u00bb header_line_height=\u00bb1.4em\u00bb body_font=\u00bbGraphik Regular||||||||\u00bb body_line_height=\u00bb1.8em\u00bb image_icon_custom_margin=\u00bb|10px|||false|false\u00bb animation=\u00bboff\u00bb hover_enabled=\u00bb0&#8243; header_font_size_tablet=\u00bb16px\u00bb header_font_size_phone=\u00bb15px\u00bb header_font_size_last_edited=\u00bbon|desktop\u00bb locked=\u00bboff\u00bb global_colors_info=\u00bb{%22gcid-9d5d11f9-d654-432d-8206-34ad20a6d54e%22:%91%22link_text_color%22,%22quote_border_color%22,%22link_text_color%22,%22quote_border_color%22,%22link_text_color%22,%22quote_border_color%22,%22link_text_color%22,%22quote_border_color%22,%22link_text_color%22,%22quote_border_color%22,%22link_text_color%22,%22quote_border_color%22,%22link_text_color%22,%22quote_border_color%22,%22link_text_color%22,%22quote_border_color%22%93,%22gcid-b6028d43-4027-4a22-87a1-1d6e61b15b8b%22:%91%22quote_text_color%22,%22quote_text_color%22,%22quote_text_color%22,%22quote_text_color%22,%22quote_text_color%22,%22quote_text_color%22,%22quote_text_color%22,%22quote_text_color%22%93}\u00bb quote_font_size_tablet=\u00bb16px\u00bb quote_font_size_phone=\u00bb15px\u00bb quote_font_size_last_edited=\u00bbon|desktop\u00bb sticky_enabled=\u00bb0&#8243;]<\/p>\n<p>Cerramos la Semana con un acto que celebra y hace visible la fuerza del voluntariado. Es un momento para agradecer, sumar y proyectar el futuro del voluntariado en La Rioja.<\/p>\n<ul>\n<li>11:30 h \u2013 Asamblea Extraordinaria de la FRVS.<\/li>\n<li>13:00 h \u2013 Acto institucional: lectura del manifiesto y entrega del borrador de la Ley de Voluntariado.<br \/>Al final del acto se ofrecer\u00e1 un lunch.<\/li>\n<\/ul>\n<p>[\/et_pb_blurb][\/et_pb_column][et_pb_column type=\u00bb1_4&#8243; _builder_version=\u00bb4.25.1&#8243; _module_preset=\u00bbdefault\u00bb global_colors_info=\u00bb{}\u00bb][et_pb_heading title=\u00bb5 DE DICIEMBRE\u00bb disabled_on=\u00bbon|off|off\u00bb _builder_version=\u00bb4.27.4&#8243; _module_preset=\u00bb_initial\u00bb title_level=\u00bbh4&#8243; title_font=\u00bbGraphik Bold|700||on|||||\u00bb title_text_align=\u00bbright\u00bb title_text_color=\u00bb#0C71C3&#8243; title_font_size=\u00bb14px\u00bb title_letter_spacing=\u00bb0.08em\u00bb title_line_height=\u00bb1.6em\u00bb custom_margin=\u00bb||0px||false|false\u00bb title_text_align_tablet=\u00bbleft\u00bb title_text_align_phone=\u00bbleft\u00bb title_text_align_last_edited=\u00bbon|tablet\u00bb title_font_size_tablet=\u00bb13px\u00bb title_font_size_phone=\u00bb12px\u00bb title_font_size_last_edited=\u00bbon|desktop\u00bb global_colors_info=\u00bb{}\u00bb][\/et_pb_heading][et_pb_text disabled_on=\u00bbon|off|off\u00bb _builder_version=\u00bb4.27.4&#8243; _module_preset=\u00bb_initial\u00bb text_orientation=\u00bbright\u00bb text_orientation_tablet=\u00bbleft\u00bb text_orientation_phone=\u00bbleft\u00bb text_orientation_last_edited=\u00bbon|tablet\u00bb global_colors_info=\u00bb{}\u00bb]<\/p>\n<p><strong>LA CAPILLA<\/strong><br \/>(c\/ Marqu\u00e9s de Murrieta 76, Logro\u00f1o)<\/p>\n<p>[\/et_pb_text][\/et_pb_column][\/et_pb_row][et_pb_row _builder_version=\u00bb4.25.1&#8243; _module_preset=\u00bbdefault\u00bb custom_padding=\u00bb||0px|||\u00bb locked=\u00bboff\u00bb global_colors_info=\u00bb{}\u00bb][et_pb_column type=\u00bb4_4&#8243; _builder_version=\u00bb4.25.1&#8243; _module_preset=\u00bbdefault\u00bb global_colors_info=\u00bb{}\u00bb][et_pb_button button_url=\u00bbhttps:\/\/forms.office.com\/Pages\/ResponsePage.aspx?id=i5BhAC3ZSUqgrE0o3BRX6PO37Mhl-79NsdBNrCjWpMRUNTFaM0xUSzFJTEpJRVAxVVhOQzRSNkFSMC4u\u00bb url_new_window=\u00bbon\u00bb button_text=\u00bbAp\u00fantate aqu\u00ed a las actividades de la Semana del voluntariado\u00bb button_alignment=\u00bbcenter\u00bb disabled_on=\u00bboff|off|off\u00bb _builder_version=\u00bb4.27.4&#8243; _module_preset=\u00bbdefault\u00bb custom_button=\u00bbon\u00bb button_text_size=\u00bb16px\u00bb button_text_color=\u00bb#FFFFFF\u00bb button_bg_color=\u00bb#0C71C3&#8243; button_border_width=\u00bb0px\u00bb button_border_radius=\u00bb0px\u00bb button_font=\u00bbGraphik Bold|700||on|||||\u00bb button_icon=\u00bb&#xf0a1;||fa||900&#8243; button_icon_placement=\u00bbleft\u00bb button_on_hover=\u00bboff\u00bb custom_padding=\u00bb16px|2vw|16px|2vw|true|true\u00bb global_colors_info=\u00bb{}\u00bb][\/et_pb_button][\/et_pb_column][\/et_pb_row][\/et_pb_section][et_pb_section fb_built=\u00bb1&#8243; disabled_on=\u00bbon|on|on\u00bb admin_label=\u00bbVideo &#038; Features\u00bb _builder_version=\u00bb4.27.4&#8243; _module_preset=\u00bbdefault\u00bb disabled=\u00bbon\u00bb collapsed=\u00bbon\u00bb global_colors_info=\u00bb{}\u00bb][et_pb_row _builder_version=\u00bb4.27.4&#8243; _module_preset=\u00bbdefault\u00bb global_colors_info=\u00bb{}\u00bb][et_pb_column type=\u00bb4_4&#8243; _builder_version=\u00bb4.25.1&#8243; _module_preset=\u00bbdefault\u00bb global_colors_info=\u00bb{}\u00bb][et_pb_video src=\u00bbhttps:\/\/www.youtube.com\/watch?v=FkQuawiGWUw\u00bb image_src=\u00bbhttps:\/\/www.voluntariadosocialrioja.org\/me-da-la-vida\/wp-content\/uploads\/2025\/11\/conference-event-16.jpg\u00bb _builder_version=\u00bb4.25.1&#8243; _module_preset=\u00bbdefault\u00bb global_colors_info=\u00bb{}\u00bb][\/et_pb_video][\/et_pb_column][\/et_pb_row][\/et_pb_section][et_pb_section fb_built=\u00bb1&#8243; admin_label=\u00bbCall to Action\u00bb _builder_version=\u00bb4.27.4&#8243; _module_preset=\u00bbdefault\u00bb background_color=\u00bbgcid-9d5d11f9-d654-432d-8206-34ad20a6d54e\u00bb use_background_color_gradient=\u00bbon\u00bb background_color_gradient_type=\u00bbcircular\u00bb background_color_gradient_direction_radial=\u00bbtop left\u00bb background_color_gradient_stops=\u00bb#439aca 0%|#029eff 32%|rgba(255,255,255,0) 68%|#007dc3 100%\u00bb background_color_gradient_overlays_image=\u00bbon\u00bb background_image=\u00bbhttps:\/\/www.voluntariadosocialrioja.org\/me-da-la-vida\/wp-content\/uploads\/2025\/11\/fondo-1.png\u00bb parallax=\u00bbon\u00bb locked=\u00bboff\u00bb collapsed=\u00bbon\u00bb global_colors_info=\u00bb{%22gcid-9d5d11f9-d654-432d-8206-34ad20a6d54e%22:%91%22background_color%22,%22background_color_gradient_stops%22,%22background_color%22%93,%22gcid-5f63220e-8342-4427-89fa-de1da73c3340%22:%91%22background_color_gradient_stops%22%93,%22gcid-eae5a87c-d221-447d-a731-6f9ad57d2149%22:%91%22background_color_gradient_stops%22%93}\u00bb][et_pb_row _builder_version=\u00bb4.25.1&#8243; _module_preset=\u00bbdefault\u00bb global_colors_info=\u00bb{}\u00bb][et_pb_column type=\u00bb4_4&#8243; _builder_version=\u00bb4.25.1&#8243; _module_preset=\u00bbdefault\u00bb global_colors_info=\u00bb{}\u00bb][et_pb_heading title=\u00bb\u00a1Te esperamos!\u00bb _builder_version=\u00bb4.27.4&#8243; _module_preset=\u00bb_initial\u00bb title_level=\u00bbh2&#8243; title_font=\u00bbGraphik Bold|500|||||||\u00bb title_text_color=\u00bb#FFFFFF\u00bb title_font_size=\u00bb8vw\u00bb title_line_height=\u00bb1.1em\u00bb global_colors_info=\u00bb{}\u00bb][\/et_pb_heading][\/et_pb_column][\/et_pb_row][et_pb_row column_structure=\u00bb2_3,1_3&#8243; _builder_version=\u00bb4.25.1&#8243; _module_preset=\u00bbdefault\u00bb global_colors_info=\u00bb{}\u00bb][et_pb_column type=\u00bb2_3&#8243; _builder_version=\u00bb4.25.1&#8243; _module_preset=\u00bbdefault\u00bb global_colors_info=\u00bb{}\u00bb][et_pb_text quote_border_color=\u00bb#FFFFFF\u00bb _builder_version=\u00bb4.27.4&#8243; _module_preset=\u00bb_initial\u00bb text_font=\u00bbGraphik Regular||||||||\u00bb text_text_color=\u00bb#FFFFFF\u00bb text_font_size=\u00bb15px\u00bb text_line_height=\u00bb1.8em\u00bb link_font=\u00bb||||||||\u00bb link_text_color=\u00bb#FFFFFF\u00bb quote_font=\u00bbInter|500|||||||\u00bb quote_text_color=\u00bb#FFFFFF\u00bb quote_font_size=\u00bb24px\u00bb quote_line_height=\u00bb1.4em\u00bb header_font=\u00bbInter|500|||||||\u00bb header_text_color=\u00bb#FFFFFF\u00bb header_font_size=\u00bb90px\u00bb header_line_height=\u00bb1.2em\u00bb header_2_font=\u00bbInter|500|||||||\u00bb header_2_text_color=\u00bb#FFFFFF\u00bb header_2_font_size=\u00bb56px\u00bb header_2_line_height=\u00bb1.2em\u00bb header_3_font=\u00bbInter|500|||||||\u00bb header_3_text_color=\u00bb#FFFFFF\u00bb header_3_font_size=\u00bb36px\u00bb header_3_line_height=\u00bb1.3em\u00bb header_4_font=\u00bbInter|500|||||||\u00bb header_4_text_color=\u00bb#FFFFFF\u00bb header_4_font_size=\u00bb24px\u00bb header_4_line_height=\u00bb1.4em\u00bb header_5_font=\u00bbInter|500|||||||\u00bb header_5_text_color=\u00bb#FFFFFF\u00bb header_5_font_size=\u00bb20px\u00bb header_5_line_height=\u00bb1.4em\u00bb header_6_font=\u00bbInter|500|||||||\u00bb header_6_text_color=\u00bb#FFFFFF\u00bb header_6_font_size=\u00bb16px\u00bb header_6_line_height=\u00bb1.4em\u00bb text_font_size_tablet=\u00bb15px\u00bb text_font_size_phone=\u00bb14px\u00bb text_font_size_last_edited=\u00bbon|desktop\u00bb quote_font_size_tablet=\u00bb16px\u00bb quote_font_size_phone=\u00bb15px\u00bb quote_font_size_last_edited=\u00bbon|desktop\u00bb header_font_size_tablet=\u00bb40px\u00bb header_font_size_phone=\u00bb24px\u00bb header_font_size_last_edited=\u00bbon|desktop\u00bb header_2_font_size_tablet=\u00bb32px\u00bb header_2_font_size_phone=\u00bb20px\u00bb header_2_font_size_last_edited=\u00bbon|desktop\u00bb header_3_font_size_tablet=\u00bb24px\u00bb header_3_font_size_phone=\u00bb18px\u00bb header_3_font_size_last_edited=\u00bbon|phone\u00bb header_4_font_size_tablet=\u00bb21px\u00bb header_4_font_size_phone=\u00bb16px\u00bb header_4_font_size_last_edited=\u00bbon|phone\u00bb header_5_font_size_tablet=\u00bb18px\u00bb header_5_font_size_phone=\u00bb15px\u00bb header_5_font_size_last_edited=\u00bbon|phone\u00bb header_6_font_size_tablet=\u00bb15px\u00bb header_6_font_size_phone=\u00bb14px\u00bb header_6_font_size_last_edited=\u00bbon|desktop\u00bb global_colors_info=\u00bb{}\u00bb]<\/p>\n<p>Da el paso que tienes en mente: una visita, un taller, una ma\u00f1ana en la feria\u2026 o tu primera experiencia como voluntaria\/o. Nosotros te orientamos para que encuentres la opci\u00f3n que mejor encaje con tu tiempo e intereses. Pasa del \u201cno me da la vida\u201d al \u201cme da la vida\u201d.<\/p>\n<p>[\/et_pb_text][\/et_pb_column][et_pb_column type=\u00bb1_3&#8243; _builder_version=\u00bb4.25.1&#8243; _module_preset=\u00bbdefault\u00bb global_colors_info=\u00bb{}\u00bb][et_pb_button button_text=\u00bbGet Early Bird Tickets\u00bb button_alignment=\u00bbright\u00bb disabled_on=\u00bbon|on|on\u00bb _builder_version=\u00bb4.27.4&#8243; _module_preset=\u00bb_initial\u00bb custom_button=\u00bbon\u00bb button_text_size=\u00bb14px\u00bb button_text_color=\u00bb#000000&#8243; button_bg_color=\u00bb#FFFFFF\u00bb button_border_width=\u00bb0px\u00bb button_border_radius=\u00bb0px\u00bb button_font=\u00bbInter|700||on|||||\u00bb custom_padding=\u00bb16px|24px|16px|24px|true|true\u00bb disabled=\u00bbon\u00bb global_colors_info=\u00bb{}\u00bb][\/et_pb_button][\/et_pb_column][\/et_pb_row][\/et_pb_section][et_pb_section fb_built=\u00bb1&#8243; admin_label=\u00bbFooter\u00bb _builder_version=\u00bb4.27.4&#8243; _module_preset=\u00bbdefault\u00bb background_color=\u00bbgcid-9d5d11f9-d654-432d-8206-34ad20a6d54e\u00bb background_image=\u00bbhttps:\/\/www.voluntariadosocialrioja.org\/me-da-la-vida\/wp-content\/uploads\/2025\/11\/fondo-1.png\u00bb background_blend=\u00bboverlay\u00bb box_shadow_style=\u00bbpreset7&#8243; box_shadow_horizontal=\u00bb0px\u00bb box_shadow_vertical=\u00bb200px\u00bb box_shadow_color=\u00bb#FFFFFF\u00bb saved_tabs=\u00bball\u00bb collapsed=\u00bbon\u00bb global_colors_info=\u00bb{%22gcid-9d5d11f9-d654-432d-8206-34ad20a6d54e%22:%91%22background_color%22,%22background_color_gradient_stops%22%93,%22gcid-5f63220e-8342-4427-89fa-de1da73c3340%22:%91%22background_color_gradient_stops%22%93}\u00bb][et_pb_row custom_padding_last_edited=\u00bbon|desktop\u00bb _builder_version=\u00bb4.27.4&#8243; _module_preset=\u00bbdefault\u00bb background_color=\u00bb#FFFFFF\u00bb width=\u00bb50%\u00bb width_tablet=\u00bb70%\u00bb width_phone=\u00bb90%\u00bb width_last_edited=\u00bbon|tablet\u00bb custom_margin=\u00bb-5vw||5vw||false|false\u00bb custom_margin_tablet=\u00bb-5vw||5vw||false|false\u00bb custom_margin_phone=\u00bb-5vw||5vw||false|false\u00bb custom_margin_last_edited=\u00bbon|desktop\u00bb custom_padding=\u00bb60px|60px|60px|60px|true|true\u00bb custom_padding_tablet=\u00bb30px|30px|30px|30px|true|true\u00bb custom_padding_phone=\u00bb20px|20px|20px|20px|true|true\u00bb border_radii=\u00bbon|12px|12px|12px|12px\u00bb box_shadow_style=\u00bbpreset1&#8243; box_shadow_vertical=\u00bb20px\u00bb box_shadow_blur=\u00bb40px\u00bb box_shadow_color=\u00bbrgba(0,0,0,0.07)\u00bb global_colors_info=\u00bb{}\u00bb][et_pb_column type=\u00bb4_4&#8243; _builder_version=\u00bb4.25.1&#8243; _module_preset=\u00bbdefault\u00bb global_colors_info=\u00bb{}\u00bb][et_pb_image src=\u00bbhttps:\/\/www.voluntariadosocialrioja.org\/me-da-la-vida\/wp-content\/uploads\/2025\/11\/Logotipos.jpg\u00bb title_text=\u00bbLogotipos\u00bb _builder_version=\u00bb4.27.4&#8243; _module_preset=\u00bbdefault\u00bb global_colors_info=\u00bb{}\u00bb][\/et_pb_image][\/et_pb_column][\/et_pb_row][et_pb_row column_structure=\u00bb3_5,2_5&#8243; custom_padding_last_edited=\u00bbon|phone\u00bb _builder_version=\u00bb4.27.4&#8243; _module_preset=\u00bbdefault\u00bb custom_padding_tablet=\u00bb\u00bb custom_padding_phone=\u00bb15vw||||false|false\u00bb locked=\u00bboff\u00bb global_colors_info=\u00bb{}\u00bb][et_pb_column type=\u00bb3_5&#8243; _builder_version=\u00bb4.25.1&#8243; _module_preset=\u00bbdefault\u00bb global_colors_info=\u00bb{}\u00bb][et_pb_heading title=\u00bbFEDERACI\u00d3N RIOJANA DE VOLUNTARIADO SOCIAL\u00bb _builder_version=\u00bb4.27.4&#8243; _module_preset=\u00bb5a4ba270-990c-4e6c-af1c-bd65df551b4b\u00bb title_font=\u00bbGraphik Bold|700||on|||||\u00bb title_text_color=\u00bb#FFFFFF\u00bb title_font_size=\u00bb19px\u00bb title_font_size_tablet=\u00bb15px\u00bb title_font_size_phone=\u00bb14px\u00bb title_font_size_last_edited=\u00bbon|tablet\u00bb global_colors_info=\u00bb{}\u00bb title_line_height__hover_enabled=\u00bbon|desktop\u00bb][\/et_pb_heading][et_pb_text _builder_version=\u00bb4.27.4&#8243; _module_preset=\u00bb1941cce4-82a8-4300-bed2-f4ee5c2aed8e\u00bb text_font=\u00bbGraphik Regular||||||||\u00bb width=\u00bb85%\u00bb locked=\u00bboff\u00bb]<\/p>\n<p>La Federaci\u00f3n Riojana de Voluntariado Social (FRVS) naci\u00f3 en 1995 gracias al deseo de diversas entidades sociales de unirse para fomentar, desarrollar y fortalecer el voluntariado en nuestra regi\u00f3n.<\/p>\n<p>Hoy celebramos 30 a\u00f1os de trabajo en red y estamos integrados por 44 entidades que aglutinan a alrededor de 6.500 personas voluntarias, activas en \u00e1mbitos tan diversos como la discapacidad, la salud mental, la exclusi\u00f3n social, la cooperaci\u00f3n internacional, la infancia o las personas mayores o la juventud.\u00a0<\/p>\n<p>[\/et_pb_text][et_pb_social_media_follow _builder_version=\u00bb4.27.4&#8243; _module_preset=\u00bbdefault\u00bb global_colors_info=\u00bb{}\u00bb][et_pb_social_media_follow_network social_network=\u00bbfacebook\u00bb url=\u00bbhttp:\/\/www.facebook.com\/frvsocial\u00bb _builder_version=\u00bb4.27.4&#8243; _module_preset=\u00bbdefault\u00bb global_colors_info=\u00bb{}\u00bb follow_button=\u00bboff\u00bb url_new_window=\u00bbon\u00bb]facebook[\/et_pb_social_media_follow_network][et_pb_social_media_follow_network social_network=\u00bbtwitter\u00bb url=\u00bbhttps:\/\/twitter.com\/FRVSocial\u00bb _builder_version=\u00bb4.27.4&#8243; _module_preset=\u00bbdefault\u00bb global_colors_info=\u00bb{}\u00bb follow_button=\u00bboff\u00bb url_new_window=\u00bbon\u00bb]X[\/et_pb_social_media_follow_network][et_pb_social_media_follow_network social_network=\u00bbinstagram\u00bb url=\u00bbhttps:\/\/www.instagram.com\/FRVSocial\/\u00bb _builder_version=\u00bb4.27.4&#8243; _module_preset=\u00bbdefault\u00bb global_colors_info=\u00bb{}\u00bb follow_button=\u00bboff\u00bb url_new_window=\u00bbon\u00bb]instagram[\/et_pb_social_media_follow_network][\/et_pb_social_media_follow][\/et_pb_column][et_pb_column type=\u00bb2_5&#8243; _builder_version=\u00bb4.25.1&#8243; _module_preset=\u00bbdefault\u00bb global_colors_info=\u00bb{}\u00bb][et_pb_heading title=\u00bbContacto\u00bb _builder_version=\u00bb4.27.4&#8243; _module_preset=\u00bb5a4ba270-990c-4e6c-af1c-bd65df551b4b\u00bb title_font=\u00bbGraphik Bold|700||on|||||\u00bb title_text_color=\u00bb#FFFFFF\u00bb title_font_size=\u00bb19px\u00bb title_font_size_tablet=\u00bb15px\u00bb title_font_size_phone=\u00bb14px\u00bb title_font_size_last_edited=\u00bbon|tablet\u00bb locked=\u00bboff\u00bb global_colors_info=\u00bb{}\u00bb title_line_height__hover_enabled=\u00bbon|desktop\u00bb][\/et_pb_heading][et_pb_text _builder_version=\u00bb4.27.4&#8243; _module_preset=\u00bb1941cce4-82a8-4300-bed2-f4ee5c2aed8e\u00bb text_font=\u00bbGraphik Regular||||||||\u00bb custom_margin=\u00bb||10px||false|false\u00bb global_colors_info=\u00bb{}\u00bb]<\/p>\n<p>C\/ Muro Francisco de la Mata, 8 &#8211; 3\u00baD 26001 Logro\u00f1o (La Rioja)<\/p>\n<p>[\/et_pb_text][et_pb_text _builder_version=\u00bb4.27.4&#8243; _module_preset=\u00bb1941cce4-82a8-4300-bed2-f4ee5c2aed8e\u00bb text_font=\u00bbGraphik Regular||||||||\u00bb custom_margin=\u00bb||10px||false|false\u00bb global_colors_info=\u00bb{}\u00bb]<\/p>\n<p><a href=\"mailto:info@voluntariadosocialrioja.org\">info@voluntariadosocialrioja.org<\/a><\/p>\n<p>[\/et_pb_text][et_pb_text _builder_version=\u00bb4.27.4&#8243; _module_preset=\u00bb1941cce4-82a8-4300-bed2-f4ee5c2aed8e\u00bb text_font=\u00bbGraphik Regular||||||||\u00bb custom_margin=\u00bb||10px||false|false\u00bb global_colors_info=\u00bb{}\u00bb]<\/p>\n<p><span>941 26 29 53 \/ 638 298 132<\/span><\/p>\n<p>[\/et_pb_text][et_pb_text _builder_version=\u00bb4.27.4&#8243; _module_preset=\u00bb1941cce4-82a8-4300-bed2-f4ee5c2aed8e\u00bb text_font=\u00bbGraphik Regular||||||||\u00bb custom_margin=\u00bb||10px||false|false\u00bb global_colors_info=\u00bb{}\u00bb]<a href=\"https:\/\/voluntariadosocialrioja.org\/\">www.voluntariadosocialrioja.org<\/a>[\/et_pb_text][\/et_pb_column][\/et_pb_row][\/et_pb_section]<\/p>\n","protected":false},"excerpt":{"rendered":"<p>S\u00famate a esta celebraci\u00f3n especial que se enmarca en el D\u00eda Internacional del Voluntariado y el 30 aniversario de la Federaci\u00f3n Riojana de Voluntariado Social.Durante cinco d\u00edas abrimos espacios para encontrarnos, reconocer lo construido y dar nuevos pasos. La I Semana del Voluntariado re\u00fane visitas y actividades en las entidades, una gran feria para conocer [&hellip;]<\/p>\n","protected":false},"author":1,"featured_media":0,"parent":0,"menu_order":0,"comment_status":"closed","ping_status":"closed","template":"","meta":{"_et_pb_use_builder":"on","_et_pb_old_content":"","_et_gb_content_width":"","footnotes":""},"class_list":["post-61","page","type-page","status-publish","hentry"],"yoast_head":"<!-- This site is optimized with the Yoast SEO plugin v27.4 - https:\/\/yoast.com\/product\/yoast-seo-wordpress\/ -->\n<title>Semana del Voluntariado - El voluntariado me da la vida<\/title>\n<meta name=\"robots\" content=\"index, follow, max-snippet:-1, max-image-preview:large, max-video-preview:-1\" \/>\n<link rel=\"canonical\" href=\"https:\/\/www.voluntariadosocialrioja.org\/me-da-la-vida\/semana-del-voluntariado\/\" \/>\n<meta property=\"og:locale\" content=\"es_ES\" \/>\n<meta property=\"og:type\" content=\"article\" \/>\n<meta property=\"og:title\" content=\"Semana del Voluntariado - El voluntariado me da la vida\" \/>\n<meta property=\"og:description\" content=\"S\u00famate a esta celebraci\u00f3n especial que se enmarca en el D\u00eda Internacional del Voluntariado y el 30 aniversario de la Federaci\u00f3n Riojana de Voluntariado Social.Durante cinco d\u00edas abrimos espacios para encontrarnos, reconocer lo construido y dar nuevos pasos. La I Semana del Voluntariado re\u00fane visitas y actividades en las entidades, una gran feria para conocer [&hellip;]\" \/>\n<meta property=\"og:url\" content=\"https:\/\/www.voluntariadosocialrioja.org\/me-da-la-vida\/semana-del-voluntariado\/\" \/>\n<meta property=\"og:site_name\" content=\"El voluntariado me da la vida\" \/>\n<meta property=\"article:modified_time\" content=\"2025-12-01T10:53:24+00:00\" \/>\n<meta name=\"twitter:card\" content=\"summary_large_image\" \/>\n<meta name=\"twitter:label1\" content=\"Tiempo de lectura\" \/>\n\t<meta name=\"twitter:data1\" content=\"34 minutos\" \/>\n<script type=\"application\/ld+json\" class=\"yoast-schema-graph\">{\"@context\":\"https:\\\/\\\/schema.org\",\"@graph\":[{\"@type\":\"WebPage\",\"@id\":\"https:\\\/\\\/www.voluntariadosocialrioja.org\\\/me-da-la-vida\\\/semana-del-voluntariado\\\/\",\"url\":\"https:\\\/\\\/www.voluntariadosocialrioja.org\\\/me-da-la-vida\\\/semana-del-voluntariado\\\/\",\"name\":\"Semana del Voluntariado - El voluntariado me da la vida\",\"isPartOf\":{\"@id\":\"https:\\\/\\\/www.voluntariadosocialrioja.org\\\/me-da-la-vida\\\/#website\"},\"datePublished\":\"2025-11-19T10:54:53+00:00\",\"dateModified\":\"2025-12-01T10:53:24+00:00\",\"breadcrumb\":{\"@id\":\"https:\\\/\\\/www.voluntariadosocialrioja.org\\\/me-da-la-vida\\\/semana-del-voluntariado\\\/#breadcrumb\"},\"inLanguage\":\"es\",\"potentialAction\":[{\"@type\":\"ReadAction\",\"target\":[\"https:\\\/\\\/www.voluntariadosocialrioja.org\\\/me-da-la-vida\\\/semana-del-voluntariado\\\/\"]}]},{\"@type\":\"BreadcrumbList\",\"@id\":\"https:\\\/\\\/www.voluntariadosocialrioja.org\\\/me-da-la-vida\\\/semana-del-voluntariado\\\/#breadcrumb\",\"itemListElement\":[{\"@type\":\"ListItem\",\"position\":1,\"name\":\"Portada\",\"item\":\"https:\\\/\\\/www.voluntariadosocialrioja.org\\\/me-da-la-vida\\\/\"},{\"@type\":\"ListItem\",\"position\":2,\"name\":\"Semana del Voluntariado\"}]},{\"@type\":\"WebSite\",\"@id\":\"https:\\\/\\\/www.voluntariadosocialrioja.org\\\/me-da-la-vida\\\/#website\",\"url\":\"https:\\\/\\\/www.voluntariadosocialrioja.org\\\/me-da-la-vida\\\/\",\"name\":\"El voluntariado me da la vida\",\"description\":\"Federaci\u00f3n Riojana de Voluntariado Social\",\"publisher\":{\"@id\":\"https:\\\/\\\/www.voluntariadosocialrioja.org\\\/me-da-la-vida\\\/#organization\"},\"potentialAction\":[{\"@type\":\"SearchAction\",\"target\":{\"@type\":\"EntryPoint\",\"urlTemplate\":\"https:\\\/\\\/www.voluntariadosocialrioja.org\\\/me-da-la-vida\\\/?s={search_term_string}\"},\"query-input\":{\"@type\":\"PropertyValueSpecification\",\"valueRequired\":true,\"valueName\":\"search_term_string\"}}],\"inLanguage\":\"es\"},{\"@type\":\"Organization\",\"@id\":\"https:\\\/\\\/www.voluntariadosocialrioja.org\\\/me-da-la-vida\\\/#organization\",\"name\":\"El voluntariado me da la vida\",\"url\":\"https:\\\/\\\/www.voluntariadosocialrioja.org\\\/me-da-la-vida\\\/\",\"logo\":{\"@type\":\"ImageObject\",\"inLanguage\":\"es\",\"@id\":\"https:\\\/\\\/www.voluntariadosocialrioja.org\\\/me-da-la-vida\\\/#\\\/schema\\\/logo\\\/image\\\/\",\"url\":\"https:\\\/\\\/www.voluntariadosocialrioja.org\\\/me-da-la-vida\\\/wp-content\\\/uploads\\\/2025\\\/11\\\/3oaniFRVS.png\",\"contentUrl\":\"https:\\\/\\\/www.voluntariadosocialrioja.org\\\/me-da-la-vida\\\/wp-content\\\/uploads\\\/2025\\\/11\\\/3oaniFRVS.png\",\"width\":549,\"height\":400,\"caption\":\"El voluntariado me da la vida\"},\"image\":{\"@id\":\"https:\\\/\\\/www.voluntariadosocialrioja.org\\\/me-da-la-vida\\\/#\\\/schema\\\/logo\\\/image\\\/\"}}]}<\/script>\n<!-- \/ Yoast SEO plugin. -->","yoast_head_json":{"title":"Semana del Voluntariado - El voluntariado me da la vida","robots":{"index":"index","follow":"follow","max-snippet":"max-snippet:-1","max-image-preview":"max-image-preview:large","max-video-preview":"max-video-preview:-1"},"canonical":"https:\/\/www.voluntariadosocialrioja.org\/me-da-la-vida\/semana-del-voluntariado\/","og_locale":"es_ES","og_type":"article","og_title":"Semana del Voluntariado - El voluntariado me da la vida","og_description":"S\u00famate a esta celebraci\u00f3n especial que se enmarca en el D\u00eda Internacional del Voluntariado y el 30 aniversario de la Federaci\u00f3n Riojana de Voluntariado Social.Durante cinco d\u00edas abrimos espacios para encontrarnos, reconocer lo construido y dar nuevos pasos. La I Semana del Voluntariado re\u00fane visitas y actividades en las entidades, una gran feria para conocer [&hellip;]","og_url":"https:\/\/www.voluntariadosocialrioja.org\/me-da-la-vida\/semana-del-voluntariado\/","og_site_name":"El voluntariado me da la vida","article_modified_time":"2025-12-01T10:53:24+00:00","twitter_card":"summary_large_image","twitter_misc":{"Tiempo de lectura":"34 minutos"},"schema":{"@context":"https:\/\/schema.org","@graph":[{"@type":"WebPage","@id":"https:\/\/www.voluntariadosocialrioja.org\/me-da-la-vida\/semana-del-voluntariado\/","url":"https:\/\/www.voluntariadosocialrioja.org\/me-da-la-vida\/semana-del-voluntariado\/","name":"Semana del Voluntariado - El voluntariado me da la vida","isPartOf":{"@id":"https:\/\/www.voluntariadosocialrioja.org\/me-da-la-vida\/#website"},"datePublished":"2025-11-19T10:54:53+00:00","dateModified":"2025-12-01T10:53:24+00:00","breadcrumb":{"@id":"https:\/\/www.voluntariadosocialrioja.org\/me-da-la-vida\/semana-del-voluntariado\/#breadcrumb"},"inLanguage":"es","potentialAction":[{"@type":"ReadAction","target":["https:\/\/www.voluntariadosocialrioja.org\/me-da-la-vida\/semana-del-voluntariado\/"]}]},{"@type":"BreadcrumbList","@id":"https:\/\/www.voluntariadosocialrioja.org\/me-da-la-vida\/semana-del-voluntariado\/#breadcrumb","itemListElement":[{"@type":"ListItem","position":1,"name":"Portada","item":"https:\/\/www.voluntariadosocialrioja.org\/me-da-la-vida\/"},{"@type":"ListItem","position":2,"name":"Semana del Voluntariado"}]},{"@type":"WebSite","@id":"https:\/\/www.voluntariadosocialrioja.org\/me-da-la-vida\/#website","url":"https:\/\/www.voluntariadosocialrioja.org\/me-da-la-vida\/","name":"El voluntariado me da la vida","description":"Federaci\u00f3n Riojana de Voluntariado Social","publisher":{"@id":"https:\/\/www.voluntariadosocialrioja.org\/me-da-la-vida\/#organization"},"potentialAction":[{"@type":"SearchAction","target":{"@type":"EntryPoint","urlTemplate":"https:\/\/www.voluntariadosocialrioja.org\/me-da-la-vida\/?s={search_term_string}"},"query-input":{"@type":"PropertyValueSpecification","valueRequired":true,"valueName":"search_term_string"}}],"inLanguage":"es"},{"@type":"Organization","@id":"https:\/\/www.voluntariadosocialrioja.org\/me-da-la-vida\/#organization","name":"El voluntariado me da la vida","url":"https:\/\/www.voluntariadosocialrioja.org\/me-da-la-vida\/","logo":{"@type":"ImageObject","inLanguage":"es","@id":"https:\/\/www.voluntariadosocialrioja.org\/me-da-la-vida\/#\/schema\/logo\/image\/","url":"https:\/\/www.voluntariadosocialrioja.org\/me-da-la-vida\/wp-content\/uploads\/2025\/11\/3oaniFRVS.png","contentUrl":"https:\/\/www.voluntariadosocialrioja.org\/me-da-la-vida\/wp-content\/uploads\/2025\/11\/3oaniFRVS.png","width":549,"height":400,"caption":"El voluntariado me da la vida"},"image":{"@id":"https:\/\/www.voluntariadosocialrioja.org\/me-da-la-vida\/#\/schema\/logo\/image\/"}}]}},"_links":{"self":[{"href":"https:\/\/www.voluntariadosocialrioja.org\/me-da-la-vida\/wp-json\/wp\/v2\/pages\/61","targetHints":{"allow":["GET"]}}],"collection":[{"href":"https:\/\/www.voluntariadosocialrioja.org\/me-da-la-vida\/wp-json\/wp\/v2\/pages"}],"about":[{"href":"https:\/\/www.voluntariadosocialrioja.org\/me-da-la-vida\/wp-json\/wp\/v2\/types\/page"}],"author":[{"embeddable":true,"href":"https:\/\/www.voluntariadosocialrioja.org\/me-da-la-vida\/wp-json\/wp\/v2\/users\/1"}],"replies":[{"embeddable":true,"href":"https:\/\/www.voluntariadosocialrioja.org\/me-da-la-vida\/wp-json\/wp\/v2\/comments?post=61"}],"version-history":[{"count":77,"href":"https:\/\/www.voluntariadosocialrioja.org\/me-da-la-vida\/wp-json\/wp\/v2\/pages\/61\/revisions"}],"predecessor-version":[{"id":285,"href":"https:\/\/www.voluntariadosocialrioja.org\/me-da-la-vida\/wp-json\/wp\/v2\/pages\/61\/revisions\/285"}],"wp:attachment":[{"href":"https:\/\/www.voluntariadosocialrioja.org\/me-da-la-vida\/wp-json\/wp\/v2\/media?parent=61"}],"curies":[{"name":"wp","href":"https:\/\/api.w.org\/{rel}","templated":true}]}}