{"id":9,"date":"2025-11-11T13:46:15","date_gmt":"2025-11-11T12:46:15","guid":{"rendered":"https:\/\/www.voluntariadosocialrioja.org\/me-da-la-vida\/?page_id=9"},"modified":"2025-11-25T11:07:10","modified_gmt":"2025-11-25T10:07:10","slug":"home","status":"publish","type":"page","link":"https:\/\/www.voluntariadosocialrioja.org\/me-da-la-vida\/","title":{"rendered":"Home"},"content":{"rendered":"<p>[et_pb_section fb_built=\u00bb1&#8243; admin_label=\u00bbHeader\u00bb _builder_version=\u00bb4.27.4&#8243; _module_preset=\u00bbdefault\u00bb background_color=\u00bb#000000&#8243; use_background_color_gradient=\u00bbon\u00bb background_color_gradient_type=\u00bbcircular\u00bb background_color_gradient_direction_radial=\u00bbtop right\u00bb background_color_gradient_stops=\u00bb#ffffff 0%|gcid-eae5a87c-d221-447d-a731-6f9ad57d2149 20%|gcid-9d5d11f9-d654-432d-8206-34ad20a6d54e 50%|gcid-9d5d11f9-d654-432d-8206-34ad20a6d54e 70%|rgba(3,0,180,0.3) 100%\u00bb background_color_gradient_overlays_image=\u00bbon\u00bb background_image=\u00bbhttps:\/\/www.voluntariadosocialrioja.org\/me-da-la-vida\/wp-content\/uploads\/2025\/11\/fondo-1.png\u00bb custom_margin=\u00bb||-1px||false|false\u00bb custom_padding=\u00bb||0px||false|false\u00bb locked=\u00bboff\u00bb collapsed=\u00bboff\u00bb global_colors_info=\u00bb{%22gcid-9d5d11f9-d654-432d-8206-34ad20a6d54e%22:%91%22background_color_gradient_stops%22%93,%22gcid-5f63220e-8342-4427-89fa-de1da73c3340%22:%91%22background_color_gradient_stops%22%93,%22gcid-eae5a87c-d221-447d-a731-6f9ad57d2149%22:%91%22background_color_gradient_stops%22%93}\u00bb][et_pb_row _builder_version=\u00bb4.25.1&#8243; _module_preset=\u00bbdefault\u00bb max_width=\u00bbnone\u00bb custom_padding=\u00bb||0px|||\u00bb global_colors_info=\u00bb{}\u00bb][et_pb_column type=\u00bb4_4&#8243; _builder_version=\u00bb4.25.1&#8243; _module_preset=\u00bbdefault\u00bb global_colors_info=\u00bb{}\u00bb][et_pb_heading title=\u00bbEl voluntariado\u00bb _builder_version=\u00bb4.27.4&#8243; _module_preset=\u00bb6db50723-9f1e-4042-8831-2920c702a523&#8243; title_font=\u00bbBB Script|500|||||||\u00bb title_text_color=\u00bb#FFFFFF\u00bb custom_margin=\u00bb||0px||false|false\u00bb locked=\u00bboff\u00bb global_colors_info=\u00bb{}\u00bb][\/et_pb_heading][et_pb_heading title=\u00bbME DA LA VIDA\u00bb _builder_version=\u00bb4.27.4&#8243; _module_preset=\u00bb765aba22-057f-4696-b7e5-b75bef828a6d\u00bb title_font=\u00bbGraphik Black|900|||||||\u00bb title_text_color=\u00bb#FFFFFF\u00bb custom_margin=\u00bb||0px||false|false\u00bb global_colors_info=\u00bb{}\u00bb][\/et_pb_heading][\/et_pb_column][\/et_pb_row][et_pb_row column_structure=\u00bb2_3,1_3&#8243; disabled_on=\u00bbon|on|on\u00bb _builder_version=\u00bb4.27.4&#8243; _module_preset=\u00bbdefault\u00bb max_width=\u00bbnone\u00bb disabled=\u00bbon\u00bb global_colors_info=\u00bb{}\u00bb][et_pb_column type=\u00bb2_3&#8243; _builder_version=\u00bb4.25.1&#8243; _module_preset=\u00bbdefault\u00bb global_colors_info=\u00bb{}\u00bb][et_pb_text _builder_version=\u00bb4.27.4&#8243; _module_preset=\u00bb1941cce4-82a8-4300-bed2-f4ee5c2aed8e\u00bb global_colors_info=\u00bb{}\u00bb]<\/p>\n<p>El voluntariado nos da la vida porque nos conecta con lo importante: las personas.<\/p>\n<p>Nos aporta competencias reales, confianza, experiencias que suman y una red de relaciones que transforma positivamente la sociedad.<\/p>\n<p>En La Rioja, miles de personas ya colaboran en entidades sociales y comparten su tiempo para mejorar la vida de otras\u2026 y la suya propia.<\/p>\n<p>T\u00fa tambi\u00e9n puedes dar el paso: descubre qu\u00e9 te aporta y elige c\u00f3mo participar.<\/p>\n<p>[\/et_pb_text][\/et_pb_column][et_pb_column type=\u00bb1_3&#8243; _builder_version=\u00bb4.25.1&#8243; _module_preset=\u00bbdefault\u00bb global_colors_info=\u00bb{}\u00bb][et_pb_button button_text=\u00bbCOLABORA\u00bb button_alignment=\u00bbcenter\u00bb _builder_version=\u00bb4.27.4&#8243; _module_preset=\u00bb3f93111c-3b21-4ca1-9497-56d30ce2b4af\u00bb custom_css_main_element=\u00bbwidth: 100% !important;\u00bb locked=\u00bboff\u00bb global_colors_info=\u00bb{}\u00bb][\/et_pb_button][\/et_pb_column][\/et_pb_row][et_pb_row custom_padding_last_edited=\u00bbon|desktop\u00bb _builder_version=\u00bb4.25.1&#8243; _module_preset=\u00bbdefault\u00bb use_background_color_gradient=\u00bbon\u00bb background_color_gradient_stops=\u00bbrgba(255,255,255,0) 50%|gcid-e3b30804-98c5-4528-8663-76f4e5b210ad 50%\u00bb width=\u00bb100%\u00bb max_width=\u00bbnone\u00bb custom_padding=\u00bb|10%||10%|false|true\u00bb custom_padding_tablet=\u00bb|10%||10%|false|true\u00bb custom_padding_phone=\u00bb|10%||10%|false|true\u00bb global_colors_info=\u00bb{%22gcid-e3b30804-98c5-4528-8663-76f4e5b210ad%22:%91%22background_color_gradient_stops%22%93}\u00bb][et_pb_column type=\u00bb4_4&#8243; _builder_version=\u00bb4.25.1&#8243; _module_preset=\u00bbdefault\u00bb global_colors_info=\u00bb{}\u00bb][et_pb_video src=\u00bbhttps:\/\/www.youtube.com\/watch?v=BGlkl6K5go4&#8243; image_src=\u00bbhttps:\/\/www.voluntariadosocialrioja.org\/me-da-la-vida\/wp-content\/uploads\/2025\/11\/Camila-YMCA-voluntariado-la-rioja.png\u00bb _builder_version=\u00bb4.27.4&#8243; _module_preset=\u00bbdefault\u00bb module_alignment=\u00bbcenter\u00bb global_colors_info=\u00bb{}\u00bb][\/et_pb_video][\/et_pb_column][\/et_pb_row][\/et_pb_section][et_pb_section fb_built=\u00bb1&#8243; admin_label=\u00bbFeatures\u00bb _builder_version=\u00bb4.25.1&#8243; _module_preset=\u00bbdefault\u00bb background_color=\u00bbgcid-e3b30804-98c5-4528-8663-76f4e5b210ad\u00bb collapsed=\u00bbon\u00bb global_colors_info=\u00bb{%22gcid-e3b30804-98c5-4528-8663-76f4e5b210ad%22:%91%22background_color%22%93}\u00bb][et_pb_row _builder_version=\u00bb4.25.1&#8243; _module_preset=\u00bbdefault\u00bb global_colors_info=\u00bb{}\u00bb][et_pb_column type=\u00bb4_4&#8243; _builder_version=\u00bb4.25.1&#8243; _module_preset=\u00bbdefault\u00bb global_colors_info=\u00bb{}\u00bb][et_pb_heading title=\u00bbDel %22no me da la vida%22 al %22me da la vida%22&#8243; _builder_version=\u00bb4.27.4&#8243; _module_preset=\u00bb6db50723-9f1e-4042-8831-2920c702a523&#8243; title_font=\u00bbGraphik Black|500|||||||\u00bb title_text_align=\u00bbcenter\u00bb title_font_size=\u00bb34px\u00bb custom_margin=\u00bb||10px||false|false\u00bb title_font_size_tablet=\u00bb26px\u00bb title_font_size_phone=\u00bb26px\u00bb title_font_size_last_edited=\u00bbon|phone\u00bb locked=\u00bboff\u00bb global_colors_info=\u00bb{}\u00bb][\/et_pb_heading][et_pb_text _builder_version=\u00bb4.27.4&#8243; _module_preset=\u00bbdefault\u00bb header_5_font=\u00bbGraphik Regular||||||||\u00bb header_5_line_height=\u00bb1.4em\u00bb text_orientation=\u00bbcenter\u00bb hover_enabled=\u00bb0&#8243; global_colors_info=\u00bb{}\u00bb sticky_enabled=\u00bb0&#8243;]<\/p>\n<h5>Vivimos con una frase en autom\u00e1tico: \u00abNo me da la vida\u00bb. Falta de tiempo, prisas, agendas imposibles&#8230; Sin embargo, a quien prueba el voluntariado le ocurre lo contrario: descubre algo que le da la vida.<\/h5>\n<h5>El voluntariado nos conecta con lo importante \u2014las personas\u2014 y hace que el tiempo se multiplique: nos ayuda a sumar experiencias reales, nos aporta competencias \u00fatiles (tambi\u00e9n para el empleo), nos da confianza e incrementa la autoestima, nos devuelve la esperanza, crece nuestro bienestar emocional&#8230; y nos une a una red que transforma la sociedad.<\/h5>\n<h5>En La Rioja, miles de personas ya colaboran con entidades sociales y comparten su tiempo para mejorar la vida de otras\u2026 y la suya. As\u00ed lo cuentan Chus, Alejandro, I\u00f1aqui y Camila.<\/h5>\n<h5>T\u00fa tambi\u00e9n puedes dar el paso: descubre qu\u00e9 te aporta y elige c\u00f3mo participar.<\/h5>\n<p>[\/et_pb_text][et_pb_button button_text=\u00bbDESC\u00daBRELO Y CU\u00c9NTALO EN LAS REDES #MEDALAVIDA\u00bb button_alignment=\u00bbcenter\u00bb _builder_version=\u00bb4.27.4&#8243; _module_preset=\u00bb3f93111c-3b21-4ca1-9497-56d30ce2b4af\u00bb button_text_color=\u00bb#FFFFFF\u00bb button_bg_color=\u00bb#0C71C3&#8243; button_icon=\u00bb&#xf21e;||fa||900&#8243; button_icon_placement=\u00bbleft\u00bb button_on_hover=\u00bboff\u00bb custom_css_main_element=\u00bbwidth: 100% !important;\u00bb locked=\u00bboff\u00bb global_colors_info=\u00bb{}\u00bb][\/et_pb_button][\/et_pb_column][\/et_pb_row][et_pb_row column_structure=\u00bb1_2,1_2&#8243; _builder_version=\u00bb4.25.1&#8243; _module_preset=\u00bbdefault\u00bb global_colors_info=\u00bb{}\u00bb][et_pb_column type=\u00bb1_2&#8243; _builder_version=\u00bb4.25.1&#8243; _module_preset=\u00bbdefault\u00bb global_colors_info=\u00bb{}\u00bb][et_pb_image src=\u00bbhttps:\/\/www.voluntariadosocialrioja.org\/me-da-la-vida\/wp-content\/uploads\/2025\/11\/Chus.jpg\u00bb title_text=\u00bbChus\u00bb align=\u00bbcenter\u00bb _builder_version=\u00bb4.27.4&#8243; _module_preset=\u00bbdefault\u00bb global_colors_info=\u00bb{}\u00bb][\/et_pb_image][et_pb_heading title=\u00bbA Chus, voluntaria de la AECC, colaborar le proporciona crecimiento personal, nuevas amistades y esperanza.\u00bb _builder_version=\u00bb4.27.4&#8243; _module_preset=\u00bb19d43917-f2a7-42a0-b57d-e6d4f39efd22&#8243; title_font=\u00bbGraphik Black|500|||||||\u00bb title_text_align=\u00bbcenter\u00bb title_font_size=\u00bb16px\u00bb custom_margin=\u00bb||0px||false|false\u00bb global_colors_info=\u00bb{}\u00bb][\/et_pb_heading][et_pb_text disabled_on=\u00bbon|on|on\u00bb _builder_version=\u00bb4.27.4&#8243; _module_preset=\u00bbdefault\u00bb disabled=\u00bbon\u00bb global_colors_info=\u00bb{}\u00bb]<\/p>\n<p>Lorem ipsum dolor sit amet, consectetur adipiscing elit. Donec sed finibus nisi, sed dictum eros.<\/p>\n<p>[\/et_pb_text][et_pb_button button_text=\u00bbView Schedule\u00bb disabled_on=\u00bbon|on|on\u00bb _builder_version=\u00bb4.27.4&#8243; _module_preset=\u00bbda9d8185-e799-4394-b9ae-cb1b1455636c\u00bb disabled=\u00bbon\u00bb global_colors_info=\u00bb{}\u00bb][\/et_pb_button][\/et_pb_column][et_pb_column type=\u00bb1_2&#8243; _builder_version=\u00bb4.25.1&#8243; _module_preset=\u00bbdefault\u00bb global_colors_info=\u00bb{}\u00bb][et_pb_image src=\u00bbhttps:\/\/www.voluntariadosocialrioja.org\/me-da-la-vida\/wp-content\/uploads\/2025\/11\/Alejandro.jpg\u00bb title_text=\u00bbAlejandro\u00bb align=\u00bbcenter\u00bb _builder_version=\u00bb4.27.4&#8243; _module_preset=\u00bbdefault\u00bb global_colors_info=\u00bb{}\u00bb][\/et_pb_image][et_pb_heading title=\u00bbA Alejandro, voluntario de Cruz Roja, colaborar le permite ayudar, vivir nuevas experiencias y adquirir competencias.\u00bb _builder_version=\u00bb4.27.4&#8243; _module_preset=\u00bb19d43917-f2a7-42a0-b57d-e6d4f39efd22&#8243; title_font=\u00bbGraphik Bold|500|||||||\u00bb title_text_align=\u00bbcenter\u00bb title_font_size=\u00bb16px\u00bb custom_margin=\u00bb||0px||false|false\u00bb global_colors_info=\u00bb{}\u00bb][\/et_pb_heading][\/et_pb_column][\/et_pb_row][et_pb_row column_structure=\u00bb1_2,1_2&#8243; _builder_version=\u00bb4.25.1&#8243; _module_preset=\u00bbdefault\u00bb global_colors_info=\u00bb{}\u00bb][et_pb_column type=\u00bb1_2&#8243; _builder_version=\u00bb4.25.1&#8243; _module_preset=\u00bbdefault\u00bb global_colors_info=\u00bb{}\u00bb][et_pb_image src=\u00bbhttps:\/\/www.voluntariadosocialrioja.org\/me-da-la-vida\/wp-content\/uploads\/2025\/11\/Inaki.jpg\u00bb title_text=\u00bbI\u00f1aki\u00bb align=\u00bbcenter\u00bb _builder_version=\u00bb4.27.4&#8243; _module_preset=\u00bbdefault\u00bb global_colors_info=\u00bb{}\u00bb][\/et_pb_image][et_pb_heading title=\u00bbA I\u00f1aqui, voluntario de ARSIDO, colaborar le aporta energ\u00eda y conexiones valiosas que le impulsan a seguir construyendo.\u00bb _builder_version=\u00bb4.27.4&#8243; _module_preset=\u00bb19d43917-f2a7-42a0-b57d-e6d4f39efd22&#8243; title_font=\u00bbGraphik Bold|500|||||||\u00bb title_text_align=\u00bbcenter\u00bb title_font_size=\u00bb16px\u00bb custom_margin=\u00bb||0px||false|false\u00bb global_colors_info=\u00bb{}\u00bb][\/et_pb_heading][\/et_pb_column][et_pb_column type=\u00bb1_2&#8243; _builder_version=\u00bb4.25.1&#8243; _module_preset=\u00bbdefault\u00bb global_colors_info=\u00bb{}\u00bb][et_pb_image src=\u00bbhttps:\/\/www.voluntariadosocialrioja.org\/me-da-la-vida\/wp-content\/uploads\/2025\/11\/Camila.jpg\u00bb title_text=\u00bbCamila\u00bb align=\u00bbcenter\u00bb _builder_version=\u00bb4.27.4&#8243; _module_preset=\u00bbdefault\u00bb global_colors_info=\u00bb{}\u00bb][\/et_pb_image][et_pb_heading title=\u00bbA Camila, voluntaria de YMCA, colaborar le proporciona competencias, satisfacciones y experiencia prelaboral.\u00bb _builder_version=\u00bb4.27.4&#8243; _module_preset=\u00bb19d43917-f2a7-42a0-b57d-e6d4f39efd22&#8243; title_font=\u00bbGraphik Bold|500|||||||\u00bb title_text_align=\u00bbcenter\u00bb title_font_size=\u00bb16px\u00bb custom_margin=\u00bb||0px||false|false\u00bb global_colors_info=\u00bb{}\u00bb][\/et_pb_heading][\/et_pb_column][\/et_pb_row][\/et_pb_section][et_pb_section fb_built=\u00bb1&#8243; admin_label=\u00bbCall to Action\u00bb _builder_version=\u00bb4.27.4&#8243; _module_preset=\u00bbdefault\u00bb background_color=\u00bbgcid-9d5d11f9-d654-432d-8206-34ad20a6d54e\u00bb use_background_color_gradient=\u00bbon\u00bb background_color_gradient_type=\u00bbcircular\u00bb background_color_gradient_direction_radial=\u00bbtop left\u00bb background_color_gradient_stops=\u00bb#0c71c3 0%|#007dc3 31%|rgba(255,255,255,0) 68%|#439aca 100%\u00bb background_color_gradient_overlays_image=\u00bbon\u00bb background_image=\u00bbhttps:\/\/www.voluntariadosocialrioja.org\/me-da-la-vida\/wp-content\/uploads\/2025\/11\/fondo-1.png\u00bb parallax=\u00bbon\u00bb locked=\u00bboff\u00bb collapsed=\u00bbon\u00bb global_colors_info=\u00bb{%22gcid-9d5d11f9-d654-432d-8206-34ad20a6d54e%22:%91%22background_color%22,%22background_color_gradient_stops%22,%22background_color%22%93,%22gcid-5f63220e-8342-4427-89fa-de1da73c3340%22:%91%22background_color_gradient_stops%22%93,%22gcid-eae5a87c-d221-447d-a731-6f9ad57d2149%22:%91%22background_color_gradient_stops%22%93}\u00bb][et_pb_row _builder_version=\u00bb4.25.1&#8243; _module_preset=\u00bbdefault\u00bb global_colors_info=\u00bb{}\u00bb][et_pb_column type=\u00bb4_4&#8243; _builder_version=\u00bb4.25.1&#8243; _module_preset=\u00bbdefault\u00bb global_colors_info=\u00bb{}\u00bb][et_pb_heading title=\u00bbY a ti, \u00bfqu\u00e9 te dar\u00eda?\u00bb _builder_version=\u00bb4.27.4&#8243; _module_preset=\u00bb765aba22-057f-4696-b7e5-b75bef828a6d\u00bb title_level=\u00bbh2&#8243; title_font=\u00bbGraphik Bold|500|||||||\u00bb title_text_color=\u00bb#FFFFFF\u00bb global_colors_info=\u00bb{}\u00bb][\/et_pb_heading][\/et_pb_column][\/et_pb_row][et_pb_row column_structure=\u00bb2_3,1_3&#8243; disabled_on=\u00bboff|off|off\u00bb _builder_version=\u00bb4.27.4&#8243; _module_preset=\u00bbdefault\u00bb global_colors_info=\u00bb{}\u00bb][et_pb_column type=\u00bb2_3&#8243; _builder_version=\u00bb4.25.1&#8243; _module_preset=\u00bbdefault\u00bb global_colors_info=\u00bb{}\u00bb][et_pb_text _builder_version=\u00bb4.27.4&#8243; _module_preset=\u00bb1941cce4-82a8-4300-bed2-f4ee5c2aed8e\u00bb text_font=\u00bbGraphik Regular||||||||\u00bb global_colors_info=\u00bb{}\u00bb]<\/p>\n<p>Cada persona encuentra su forma: apoyo puntual, unas horas a la semana, cerca de casa, online, con tu empresa, en proyectos sociales, ambientales o educativos&#8230; En la Federaci\u00f3n Riojana de Voluntariado te orientamos para que la solidaridad encaje con tu tiempo y tus intereses.<\/p>\n<p>Dale la vuelta al \u00abno me da la vida\u00bb y comprueba c\u00f3mo el voluntariado te da vida: experiencia, competencias, relaciones valiosas y sentido.<\/p>\n<p>[\/et_pb_text][\/et_pb_column][et_pb_column type=\u00bb1_3&#8243; _builder_version=\u00bb4.25.1&#8243; _module_preset=\u00bbdefault\u00bb global_colors_info=\u00bb{}\u00bb][et_pb_button button_text=\u00bbDesc\u00fabrelo\u00bb button_alignment=\u00bbright\u00bb _builder_version=\u00bb4.27.4&#8243; _module_preset=\u00bb3f93111c-3b21-4ca1-9497-56d30ce2b4af\u00bb button_text_size=\u00bb26px\u00bb button_font=\u00bbGraphik Bold|700|||||||\u00bb global_colors_info=\u00bb{}\u00bb][\/et_pb_button][\/et_pb_column][\/et_pb_row][\/et_pb_section][et_pb_section fb_built=\u00bb1&#8243; _builder_version=\u00bb4.25.1&#8243; _module_preset=\u00bbdefault\u00bb global_colors_info=\u00bb{}\u00bb][et_pb_row _builder_version=\u00bb4.25.1&#8243; _module_preset=\u00bbdefault\u00bb global_colors_info=\u00bb{}\u00bb][et_pb_column type=\u00bb4_4&#8243; _builder_version=\u00bb4.25.1&#8243; _module_preset=\u00bbdefault\u00bb global_colors_info=\u00bb{}\u00bb][\/et_pb_column][\/et_pb_row][\/et_pb_section][et_pb_section fb_built=\u00bb1&#8243; admin_label=\u00bbFooter\u00bb _builder_version=\u00bb4.27.4&#8243; _module_preset=\u00bbdefault\u00bb background_color=\u00bbgcid-9d5d11f9-d654-432d-8206-34ad20a6d54e\u00bb use_background_color_gradient=\u00bbon\u00bb background_color_gradient_direction=\u00bb135deg\u00bb background_color_gradient_stops=\u00bbgcid-9d5d11f9-d654-432d-8206-34ad20a6d54e 0%|gcid-5f63220e-8342-4427-89fa-de1da73c3340 100%\u00bb background_image=\u00bbhttps:\/\/www.voluntariadosocialrioja.org\/me-da-la-vida\/wp-content\/uploads\/2025\/11\/conference-event-15-scaled.png\u00bb background_size=\u00bbinitial\u00bb background_position=\u00bbbottom_center\u00bb background_blend=\u00bboverlay\u00bb box_shadow_style=\u00bbpreset7&#8243; box_shadow_horizontal=\u00bb0px\u00bb box_shadow_vertical=\u00bb200px\u00bb box_shadow_color=\u00bb#FFFFFF\u00bb saved_tabs=\u00bball\u00bb collapsed=\u00bboff\u00bb global_colors_info=\u00bb{%22gcid-9d5d11f9-d654-432d-8206-34ad20a6d54e%22:%91%22background_color%22,%22background_color_gradient_stops%22%93,%22gcid-5f63220e-8342-4427-89fa-de1da73c3340%22:%91%22background_color_gradient_stops%22%93}\u00bb][et_pb_row custom_padding_last_edited=\u00bbon|desktop\u00bb _builder_version=\u00bb4.25.1&#8243; _module_preset=\u00bbdefault\u00bb background_color=\u00bb#FFFFFF\u00bb custom_margin=\u00bb||30px||false|false\u00bb custom_padding=\u00bb60px|60px|60px|60px|true|true\u00bb custom_padding_tablet=\u00bb30px|30px|30px|30px|true|true\u00bb custom_padding_phone=\u00bb20px|20px|20px|20px|true|true\u00bb border_radii=\u00bbon|12px|12px|12px|12px\u00bb box_shadow_style=\u00bbpreset1&#8243; box_shadow_vertical=\u00bb20px\u00bb box_shadow_blur=\u00bb40px\u00bb box_shadow_color=\u00bbrgba(0,0,0,0.07)\u00bb global_colors_info=\u00bb{}\u00bb][et_pb_column type=\u00bb4_4&#8243; _builder_version=\u00bb4.25.1&#8243; _module_preset=\u00bbdefault\u00bb global_colors_info=\u00bb{}\u00bb][et_pb_heading title=\u00bbEscr\u00edbenos y te informaremos sin compromiso\u00bb _builder_version=\u00bb4.27.4&#8243; _module_preset=\u00bb04366798-b4fd-4fdc-ba58-8580bc0738a4&#8243; title_font=\u00bbGraphik Black|500|||||||\u00bb custom_margin=\u00bb||10px||false|false\u00bb global_colors_info=\u00bb{}\u00bb][\/et_pb_heading][et_pb_text disabled_on=\u00bbon|on|on\u00bb _builder_version=\u00bb4.27.4&#8243; _module_preset=\u00bbde44640b-9751-44f0-a650-2638a0ba2ac5&#8243; disabled=\u00bbon\u00bb global_colors_info=\u00bb{}\u00bb]<\/p>\n<p>Quisque aliquet velit sit amet sem interdum faucibus. In feugiat aliquet mollis etiam tincidunt ligula. In non pulvinar purus.<\/p>\n<p>[\/et_pb_text][et_pb_contact_form email=\u00bbinfo@voluntariadosocialrioja.org, comunicacion@voluntariadosocialrioja.org\u00bb custom_message=\u00bbFORMULARIO DE LA WEB %22EL VOLUNTARIADO ME DA LA VIDA%22 &#8211; PERSONA INTERESADA EN HACER VOLUNTARIADO||et_pb_line_break_holder||||et_pb_line_break_holder||Nombre: %%Name%% ||et_pb_line_break_holder||Email: %%Email%% ||et_pb_line_break_holder||Tel\u00e9fono: %%Telefono%% ||et_pb_line_break_holder||Municipio: %%Municipio%% ||et_pb_line_break_holder||\u00bfEn qu\u00e9 te gustar\u00eda colaborar? \u00bfCu\u00e1l es tu disponibilidad aproximada?: %%Message%%||et_pb_line_break_holder||||et_pb_line_break_holder||\u00bb success_message=\u00bbHemos recibido tu correo. \u00a1Gracias por querer colaborar! Te responderemos lo antes posible.\u00bb _builder_version=\u00bb4.27.4&#8243; _module_preset=\u00bbdefault\u00bb _unique_id=\u00bb95d63846-f89f-49ee-a9af-41173c77eb90&#8243; title_font=\u00bbGraphik Bold||||||||\u00bb global_colors_info=\u00bb{}\u00bb][et_pb_contact_field field_id=\u00bbName\u00bb field_title=\u00bbNombre\u00bb _builder_version=\u00bb4.27.4&#8243; form_field_font=\u00bbGraphik Regular||||||||\u00bb global_colors_info=\u00bb{}\u00bb button_text_size__hover_enabled=\u00bboff\u00bb button_one_text_size__hover_enabled=\u00bboff\u00bb button_two_text_size__hover_enabled=\u00bboff\u00bb button_text_color__hover_enabled=\u00bboff\u00bb button_one_text_color__hover_enabled=\u00bboff\u00bb button_two_text_color__hover_enabled=\u00bboff\u00bb button_border_width__hover_enabled=\u00bboff\u00bb button_one_border_width__hover_enabled=\u00bboff\u00bb button_two_border_width__hover_enabled=\u00bboff\u00bb button_border_color__hover_enabled=\u00bboff\u00bb button_one_border_color__hover_enabled=\u00bboff\u00bb button_two_border_color__hover_enabled=\u00bboff\u00bb button_border_radius__hover_enabled=\u00bboff\u00bb button_one_border_radius__hover_enabled=\u00bboff\u00bb button_two_border_radius__hover_enabled=\u00bboff\u00bb button_letter_spacing__hover_enabled=\u00bboff\u00bb button_one_letter_spacing__hover_enabled=\u00bboff\u00bb button_two_letter_spacing__hover_enabled=\u00bboff\u00bb button_bg_color__hover_enabled=\u00bboff\u00bb button_one_bg_color__hover_enabled=\u00bboff\u00bb button_two_bg_color__hover_enabled=\u00bboff\u00bb][\/et_pb_contact_field][et_pb_contact_field field_id=\u00bbEmail\u00bb field_title=\u00bbDirecci\u00f3n de correo electr\u00f3nico\u00bb field_type=\u00bbemail\u00bb _builder_version=\u00bb4.27.4&#8243; form_field_font=\u00bbGraphik Regular||||||||\u00bb global_colors_info=\u00bb{}\u00bb button_text_size__hover_enabled=\u00bboff\u00bb button_one_text_size__hover_enabled=\u00bboff\u00bb button_two_text_size__hover_enabled=\u00bboff\u00bb button_text_color__hover_enabled=\u00bboff\u00bb button_one_text_color__hover_enabled=\u00bboff\u00bb button_two_text_color__hover_enabled=\u00bboff\u00bb button_border_width__hover_enabled=\u00bboff\u00bb button_one_border_width__hover_enabled=\u00bboff\u00bb button_two_border_width__hover_enabled=\u00bboff\u00bb button_border_color__hover_enabled=\u00bboff\u00bb button_one_border_color__hover_enabled=\u00bboff\u00bb button_two_border_color__hover_enabled=\u00bboff\u00bb button_border_radius__hover_enabled=\u00bboff\u00bb button_one_border_radius__hover_enabled=\u00bboff\u00bb button_two_border_radius__hover_enabled=\u00bboff\u00bb button_letter_spacing__hover_enabled=\u00bboff\u00bb button_one_letter_spacing__hover_enabled=\u00bboff\u00bb button_two_letter_spacing__hover_enabled=\u00bboff\u00bb button_bg_color__hover_enabled=\u00bboff\u00bb button_one_bg_color__hover_enabled=\u00bboff\u00bb button_two_bg_color__hover_enabled=\u00bboff\u00bb][\/et_pb_contact_field][et_pb_contact_field field_id=\u00bbTelefono\u00bb field_title=\u00bbTel\u00e9fono\u00bb min_length=\u00bb9&#8243; max_length=\u00bb12&#8243; allowed_symbols=\u00bbnumbers\u00bb required_mark=\u00bboff\u00bb _builder_version=\u00bb4.27.4&#8243; _module_preset=\u00bbdefault\u00bb global_colors_info=\u00bb{}\u00bb][\/et_pb_contact_field][et_pb_contact_field field_id=\u00bbMunicipio\u00bb field_title=\u00bbMunicipio\u00bb _builder_version=\u00bb4.27.4&#8243; _module_preset=\u00bbdefault\u00bb global_colors_info=\u00bb{}\u00bb][\/et_pb_contact_field][et_pb_contact_field field_id=\u00bbMessage\u00bb field_title=\u00bb\u00bfEn qu\u00e9 te gustar\u00eda colaborar? \u00bfCu\u00e1l es tu disponibilidad aproximada?\u00bb field_type=\u00bbtext\u00bb fullwidth_field=\u00bbon\u00bb _builder_version=\u00bb4.27.4&#8243; form_field_font=\u00bbGraphik Regular||||||||\u00bb global_colors_info=\u00bb{}\u00bb button_text_size__hover_enabled=\u00bboff\u00bb button_one_text_size__hover_enabled=\u00bboff\u00bb button_two_text_size__hover_enabled=\u00bboff\u00bb button_text_color__hover_enabled=\u00bboff\u00bb button_one_text_color__hover_enabled=\u00bboff\u00bb button_two_text_color__hover_enabled=\u00bboff\u00bb button_border_width__hover_enabled=\u00bboff\u00bb button_one_border_width__hover_enabled=\u00bboff\u00bb button_two_border_width__hover_enabled=\u00bboff\u00bb button_border_color__hover_enabled=\u00bboff\u00bb button_one_border_color__hover_enabled=\u00bboff\u00bb button_two_border_color__hover_enabled=\u00bboff\u00bb button_border_radius__hover_enabled=\u00bboff\u00bb button_one_border_radius__hover_enabled=\u00bboff\u00bb button_two_border_radius__hover_enabled=\u00bboff\u00bb button_letter_spacing__hover_enabled=\u00bboff\u00bb button_one_letter_spacing__hover_enabled=\u00bboff\u00bb button_two_letter_spacing__hover_enabled=\u00bboff\u00bb button_bg_color__hover_enabled=\u00bboff\u00bb button_one_bg_color__hover_enabled=\u00bboff\u00bb button_two_bg_color__hover_enabled=\u00bboff\u00bb][\/et_pb_contact_field][et_pb_contact_field field_id=\u00bbField_6&#8243; field_title=\u00bbAviso legal\u00bb field_type=\u00bbcheckbox\u00bb checkbox_options=\u00bb%91{%22value%22:%22Aviso legal%22,%22checked%22:0,%22dragID%22:-1}%93&#8243; fullwidth_field=\u00bbon\u00bb _builder_version=\u00bb4.27.4&#8243; _module_preset=\u00bbdefault\u00bb global_colors_info=\u00bb{}\u00bb][\/et_pb_contact_field][\/et_pb_contact_form][et_pb_code _builder_version=\u00bb4.27.4&#8243; _module_preset=\u00bbdefault\u00bb global_colors_info=\u00bb{}\u00bb]<script type=\"text\/javascript\"><!-- [et_pb_line_break_holder] -->jQuery(function($){<!-- [et_pb_line_break_holder] --> $(\".et_pb_contact_field_checkbox label\").html(\"<i><\/i> He le\u00eddo y acepto las <a href='https:\/\/voluntariadosocialrioja.org\/aviso-legal\/' style='color:#007dc3;'> <strong>condiciones legales y la pol\u00edtica de protecci\u00f3n de datos<\/strong><\/a> de la Federaci\u00f3n Riojana de Voluntariado Social\");<!-- [et_pb_line_break_holder] -->});<!-- [et_pb_line_break_holder] --><\/script>[\/et_pb_code][et_pb_image src=\u00bbhttps:\/\/www.voluntariadosocialrioja.org\/me-da-la-vida\/wp-content\/uploads\/2025\/11\/Logotipos-2.jpg\u00bb title_text=\u00bbLogotipos-2&#8243; align=\u00bbcenter\u00bb _builder_version=\u00bb4.27.4&#8243; _module_preset=\u00bbdefault\u00bb width=\u00bb60%\u00bb global_colors_info=\u00bb{}\u00bb][\/et_pb_image][\/et_pb_column][\/et_pb_row][et_pb_row column_structure=\u00bb3_5,2_5&#8243; _builder_version=\u00bb4.25.1&#8243; _module_preset=\u00bbdefault\u00bb global_colors_info=\u00bb{}\u00bb][et_pb_column type=\u00bb3_5&#8243; _builder_version=\u00bb4.25.1&#8243; _module_preset=\u00bbdefault\u00bb global_colors_info=\u00bb{}\u00bb][et_pb_heading title=\u00bbFEDERACI\u00d3N RIOJANA DE VOLUNTARIADO SOCIAL\u00bb _builder_version=\u00bb4.27.4&#8243; _module_preset=\u00bb5a4ba270-990c-4e6c-af1c-bd65df551b4b\u00bb title_font=\u00bbGraphik Bold|700||on|||||\u00bb title_text_color=\u00bb#FFFFFF\u00bb global_colors_info=\u00bb{}\u00bb title_line_height__hover_enabled=\u00bbon|desktop\u00bb][\/et_pb_heading][et_pb_text _builder_version=\u00bb4.27.4&#8243; _module_preset=\u00bb1941cce4-82a8-4300-bed2-f4ee5c2aed8e\u00bb text_font=\u00bbGraphik Regular||||||||\u00bb width=\u00bb85%\u00bb locked=\u00bboff\u00bb global_colors_info=\u00bb{}\u00bb]<\/p>\n<p>La Federaci\u00f3n Riojana de Voluntariado Social (FRVS) naci\u00f3 en 1995 gracias al deseo de diversas entidades sociales de unirse para fomentar, desarrollar y fortalecer el voluntariado en nuestra regi\u00f3n.<\/p>\n<p>Hoy celebramos 30 a\u00f1os de trabajo en red y estamos integrados por 44 entidades que aglutinan a alrededor de 6.500 personas voluntarias, activas en \u00e1mbitos tan diversos como la discapacidad, la salud mental, la exclusi\u00f3n social, la cooperaci\u00f3n internacional, la infancia o las personas mayores o la juventud.\u00a0<\/p>\n<p>[\/et_pb_text][et_pb_social_media_follow _builder_version=\u00bb4.27.4&#8243; _module_preset=\u00bbdefault\u00bb global_colors_info=\u00bb{}\u00bb][et_pb_social_media_follow_network social_network=\u00bbfacebook\u00bb url=\u00bbhttp:\/\/www.facebook.com\/frvsocial\u00bb _builder_version=\u00bb4.27.4&#8243; _module_preset=\u00bbdefault\u00bb global_colors_info=\u00bb{}\u00bb follow_button=\u00bboff\u00bb url_new_window=\u00bbon\u00bb]facebook[\/et_pb_social_media_follow_network][et_pb_social_media_follow_network social_network=\u00bbtwitter\u00bb url=\u00bbhttps:\/\/twitter.com\/FRVSocial\u00bb _builder_version=\u00bb4.27.4&#8243; _module_preset=\u00bbdefault\u00bb global_colors_info=\u00bb{}\u00bb follow_button=\u00bboff\u00bb url_new_window=\u00bbon\u00bb]X[\/et_pb_social_media_follow_network][et_pb_social_media_follow_network social_network=\u00bbinstagram\u00bb url=\u00bbhttps:\/\/www.instagram.com\/FRVSocial\/\u00bb _builder_version=\u00bb4.27.4&#8243; _module_preset=\u00bbdefault\u00bb global_colors_info=\u00bb{}\u00bb follow_button=\u00bboff\u00bb url_new_window=\u00bbon\u00bb]instagram[\/et_pb_social_media_follow_network][\/et_pb_social_media_follow][\/et_pb_column][et_pb_column type=\u00bb2_5&#8243; _builder_version=\u00bb4.25.1&#8243; _module_preset=\u00bbdefault\u00bb global_colors_info=\u00bb{}\u00bb][et_pb_heading title=\u00bbContacto\u00bb _builder_version=\u00bb4.27.4&#8243; _module_preset=\u00bb5a4ba270-990c-4e6c-af1c-bd65df551b4b\u00bb title_text_color=\u00bb#FFFFFF\u00bb locked=\u00bboff\u00bb global_colors_info=\u00bb{}\u00bb title_line_height__hover_enabled=\u00bbon|desktop\u00bb][\/et_pb_heading][et_pb_text _builder_version=\u00bb4.27.4&#8243; _module_preset=\u00bb1941cce4-82a8-4300-bed2-f4ee5c2aed8e\u00bb text_font=\u00bbGraphik Regular||||||||\u00bb custom_margin=\u00bb||10px||false|false\u00bb global_colors_info=\u00bb{}\u00bb]<\/p>\n<p>C\/ Muro Francisco de la Mata, 8 &#8211; 3\u00baD 26001 Logro\u00f1o (La Rioja)<\/p>\n<p>[\/et_pb_text][et_pb_text _builder_version=\u00bb4.27.4&#8243; _module_preset=\u00bb1941cce4-82a8-4300-bed2-f4ee5c2aed8e\u00bb text_font=\u00bbGraphik Regular||||||||\u00bb custom_margin=\u00bb||10px||false|false\u00bb global_colors_info=\u00bb{}\u00bb]<\/p>\n<p><a href=\"mailto:info@voluntariadosocialrioja.org\">info@voluntariadosocialrioja.org<\/a><\/p>\n<p>[\/et_pb_text][et_pb_text _builder_version=\u00bb4.27.4&#8243; _module_preset=\u00bb1941cce4-82a8-4300-bed2-f4ee5c2aed8e\u00bb text_font=\u00bbGraphik Regular||||||||\u00bb custom_margin=\u00bb||10px||false|false\u00bb global_colors_info=\u00bb{}\u00bb]<\/p>\n<p><span>941 26 29 53 \/ 638 298 132<\/span><\/p>\n<p>[\/et_pb_text][et_pb_text _builder_version=\u00bb4.27.4&#8243; _module_preset=\u00bb1941cce4-82a8-4300-bed2-f4ee5c2aed8e\u00bb text_font=\u00bbGraphik Regular||||||||\u00bb custom_margin=\u00bb||10px||false|false\u00bb global_colors_info=\u00bb{}\u00bb]<a href=\"https:\/\/voluntariadosocialrioja.org\/\">www.voluntariadosocialrioja.org<\/a>[\/et_pb_text][\/et_pb_column][\/et_pb_row][\/et_pb_section]<\/p>\n","protected":false},"excerpt":{"rendered":"<p>El voluntariado nos da la vida porque nos conecta con lo importante: las personas. Nos aporta competencias reales, confianza, experiencias que suman y una red de relaciones que transforma positivamente la sociedad. En La Rioja, miles de personas ya colaboran en entidades sociales y comparten su tiempo para mejorar la vida de otras\u2026 y la [&hellip;]<\/p>\n","protected":false},"author":1,"featured_media":0,"parent":0,"menu_order":0,"comment_status":"closed","ping_status":"closed","template":"","meta":{"_et_pb_use_builder":"on","_et_pb_old_content":"","_et_gb_content_width":"","footnotes":""},"class_list":["post-9","page","type-page","status-publish","hentry"],"yoast_head":"<!-- This site is optimized with the Yoast SEO plugin v27.4 - https:\/\/yoast.com\/product\/yoast-seo-wordpress\/ -->\n<title>Home - El voluntariado me da la vida<\/title>\n<meta name=\"robots\" content=\"index, follow, max-snippet:-1, max-image-preview:large, max-video-preview:-1\" \/>\n<link rel=\"canonical\" href=\"https:\/\/www.voluntariadosocialrioja.org\/me-da-la-vida\/\" \/>\n<meta property=\"og:locale\" content=\"es_ES\" \/>\n<meta property=\"og:type\" content=\"article\" \/>\n<meta property=\"og:title\" content=\"Home - El voluntariado me da la vida\" \/>\n<meta property=\"og:description\" content=\"El voluntariado nos da la vida porque nos conecta con lo importante: las personas. Nos aporta competencias reales, confianza, experiencias que suman y una red de relaciones que transforma positivamente la sociedad. En La Rioja, miles de personas ya colaboran en entidades sociales y comparten su tiempo para mejorar la vida de otras\u2026 y la [&hellip;]\" \/>\n<meta property=\"og:url\" content=\"https:\/\/www.voluntariadosocialrioja.org\/me-da-la-vida\/\" \/>\n<meta property=\"og:site_name\" content=\"El voluntariado me da la vida\" \/>\n<meta property=\"article:modified_time\" content=\"2025-11-25T10:07:10+00:00\" \/>\n<meta name=\"twitter:card\" content=\"summary_large_image\" \/>\n<meta name=\"twitter:label1\" content=\"Tiempo de lectura\" \/>\n\t<meta name=\"twitter:data1\" content=\"18 minutos\" \/>\n<script type=\"application\/ld+json\" class=\"yoast-schema-graph\">{\"@context\":\"https:\\\/\\\/schema.org\",\"@graph\":[{\"@type\":\"WebPage\",\"@id\":\"https:\\\/\\\/www.voluntariadosocialrioja.org\\\/me-da-la-vida\\\/\",\"url\":\"https:\\\/\\\/www.voluntariadosocialrioja.org\\\/me-da-la-vida\\\/\",\"name\":\"Home - El voluntariado me da la vida\",\"isPartOf\":{\"@id\":\"https:\\\/\\\/www.voluntariadosocialrioja.org\\\/me-da-la-vida\\\/#website\"},\"datePublished\":\"2025-11-11T12:46:15+00:00\",\"dateModified\":\"2025-11-25T10:07:10+00:00\",\"breadcrumb\":{\"@id\":\"https:\\\/\\\/www.voluntariadosocialrioja.org\\\/me-da-la-vida\\\/#breadcrumb\"},\"inLanguage\":\"es\",\"potentialAction\":[{\"@type\":\"ReadAction\",\"target\":[\"https:\\\/\\\/www.voluntariadosocialrioja.org\\\/me-da-la-vida\\\/\"]}]},{\"@type\":\"BreadcrumbList\",\"@id\":\"https:\\\/\\\/www.voluntariadosocialrioja.org\\\/me-da-la-vida\\\/#breadcrumb\",\"itemListElement\":[{\"@type\":\"ListItem\",\"position\":1,\"name\":\"Portada\",\"item\":\"https:\\\/\\\/www.voluntariadosocialrioja.org\\\/me-da-la-vida\\\/\"},{\"@type\":\"ListItem\",\"position\":2,\"name\":\"Home\"}]},{\"@type\":\"WebSite\",\"@id\":\"https:\\\/\\\/www.voluntariadosocialrioja.org\\\/me-da-la-vida\\\/#website\",\"url\":\"https:\\\/\\\/www.voluntariadosocialrioja.org\\\/me-da-la-vida\\\/\",\"name\":\"El voluntariado me da la vida\",\"description\":\"Federaci\u00f3n Riojana de Voluntariado Social\",\"publisher\":{\"@id\":\"https:\\\/\\\/www.voluntariadosocialrioja.org\\\/me-da-la-vida\\\/#organization\"},\"potentialAction\":[{\"@type\":\"SearchAction\",\"target\":{\"@type\":\"EntryPoint\",\"urlTemplate\":\"https:\\\/\\\/www.voluntariadosocialrioja.org\\\/me-da-la-vida\\\/?s={search_term_string}\"},\"query-input\":{\"@type\":\"PropertyValueSpecification\",\"valueRequired\":true,\"valueName\":\"search_term_string\"}}],\"inLanguage\":\"es\"},{\"@type\":\"Organization\",\"@id\":\"https:\\\/\\\/www.voluntariadosocialrioja.org\\\/me-da-la-vida\\\/#organization\",\"name\":\"El voluntariado me da la vida\",\"url\":\"https:\\\/\\\/www.voluntariadosocialrioja.org\\\/me-da-la-vida\\\/\",\"logo\":{\"@type\":\"ImageObject\",\"inLanguage\":\"es\",\"@id\":\"https:\\\/\\\/www.voluntariadosocialrioja.org\\\/me-da-la-vida\\\/#\\\/schema\\\/logo\\\/image\\\/\",\"url\":\"https:\\\/\\\/www.voluntariadosocialrioja.org\\\/me-da-la-vida\\\/wp-content\\\/uploads\\\/2025\\\/11\\\/3oaniFRVS.png\",\"contentUrl\":\"https:\\\/\\\/www.voluntariadosocialrioja.org\\\/me-da-la-vida\\\/wp-content\\\/uploads\\\/2025\\\/11\\\/3oaniFRVS.png\",\"width\":549,\"height\":400,\"caption\":\"El voluntariado me da la vida\"},\"image\":{\"@id\":\"https:\\\/\\\/www.voluntariadosocialrioja.org\\\/me-da-la-vida\\\/#\\\/schema\\\/logo\\\/image\\\/\"}}]}<\/script>\n<!-- \/ Yoast SEO plugin. -->","yoast_head_json":{"title":"Home - El voluntariado me da la vida","robots":{"index":"index","follow":"follow","max-snippet":"max-snippet:-1","max-image-preview":"max-image-preview:large","max-video-preview":"max-video-preview:-1"},"canonical":"https:\/\/www.voluntariadosocialrioja.org\/me-da-la-vida\/","og_locale":"es_ES","og_type":"article","og_title":"Home - El voluntariado me da la vida","og_description":"El voluntariado nos da la vida porque nos conecta con lo importante: las personas. Nos aporta competencias reales, confianza, experiencias que suman y una red de relaciones que transforma positivamente la sociedad. En La Rioja, miles de personas ya colaboran en entidades sociales y comparten su tiempo para mejorar la vida de otras\u2026 y la [&hellip;]","og_url":"https:\/\/www.voluntariadosocialrioja.org\/me-da-la-vida\/","og_site_name":"El voluntariado me da la vida","article_modified_time":"2025-11-25T10:07:10+00:00","twitter_card":"summary_large_image","twitter_misc":{"Tiempo de lectura":"18 minutos"},"schema":{"@context":"https:\/\/schema.org","@graph":[{"@type":"WebPage","@id":"https:\/\/www.voluntariadosocialrioja.org\/me-da-la-vida\/","url":"https:\/\/www.voluntariadosocialrioja.org\/me-da-la-vida\/","name":"Home - El voluntariado me da la vida","isPartOf":{"@id":"https:\/\/www.voluntariadosocialrioja.org\/me-da-la-vida\/#website"},"datePublished":"2025-11-11T12:46:15+00:00","dateModified":"2025-11-25T10:07:10+00:00","breadcrumb":{"@id":"https:\/\/www.voluntariadosocialrioja.org\/me-da-la-vida\/#breadcrumb"},"inLanguage":"es","potentialAction":[{"@type":"ReadAction","target":["https:\/\/www.voluntariadosocialrioja.org\/me-da-la-vida\/"]}]},{"@type":"BreadcrumbList","@id":"https:\/\/www.voluntariadosocialrioja.org\/me-da-la-vida\/#breadcrumb","itemListElement":[{"@type":"ListItem","position":1,"name":"Portada","item":"https:\/\/www.voluntariadosocialrioja.org\/me-da-la-vida\/"},{"@type":"ListItem","position":2,"name":"Home"}]},{"@type":"WebSite","@id":"https:\/\/www.voluntariadosocialrioja.org\/me-da-la-vida\/#website","url":"https:\/\/www.voluntariadosocialrioja.org\/me-da-la-vida\/","name":"El voluntariado me da la vida","description":"Federaci\u00f3n Riojana de Voluntariado Social","publisher":{"@id":"https:\/\/www.voluntariadosocialrioja.org\/me-da-la-vida\/#organization"},"potentialAction":[{"@type":"SearchAction","target":{"@type":"EntryPoint","urlTemplate":"https:\/\/www.voluntariadosocialrioja.org\/me-da-la-vida\/?s={search_term_string}"},"query-input":{"@type":"PropertyValueSpecification","valueRequired":true,"valueName":"search_term_string"}}],"inLanguage":"es"},{"@type":"Organization","@id":"https:\/\/www.voluntariadosocialrioja.org\/me-da-la-vida\/#organization","name":"El voluntariado me da la vida","url":"https:\/\/www.voluntariadosocialrioja.org\/me-da-la-vida\/","logo":{"@type":"ImageObject","inLanguage":"es","@id":"https:\/\/www.voluntariadosocialrioja.org\/me-da-la-vida\/#\/schema\/logo\/image\/","url":"https:\/\/www.voluntariadosocialrioja.org\/me-da-la-vida\/wp-content\/uploads\/2025\/11\/3oaniFRVS.png","contentUrl":"https:\/\/www.voluntariadosocialrioja.org\/me-da-la-vida\/wp-content\/uploads\/2025\/11\/3oaniFRVS.png","width":549,"height":400,"caption":"El voluntariado me da la vida"},"image":{"@id":"https:\/\/www.voluntariadosocialrioja.org\/me-da-la-vida\/#\/schema\/logo\/image\/"}}]}},"_links":{"self":[{"href":"https:\/\/www.voluntariadosocialrioja.org\/me-da-la-vida\/wp-json\/wp\/v2\/pages\/9","targetHints":{"allow":["GET"]}}],"collection":[{"href":"https:\/\/www.voluntariadosocialrioja.org\/me-da-la-vida\/wp-json\/wp\/v2\/pages"}],"about":[{"href":"https:\/\/www.voluntariadosocialrioja.org\/me-da-la-vida\/wp-json\/wp\/v2\/types\/page"}],"author":[{"embeddable":true,"href":"https:\/\/www.voluntariadosocialrioja.org\/me-da-la-vida\/wp-json\/wp\/v2\/users\/1"}],"replies":[{"embeddable":true,"href":"https:\/\/www.voluntariadosocialrioja.org\/me-da-la-vida\/wp-json\/wp\/v2\/comments?post=9"}],"version-history":[{"count":41,"href":"https:\/\/www.voluntariadosocialrioja.org\/me-da-la-vida\/wp-json\/wp\/v2\/pages\/9\/revisions"}],"predecessor-version":[{"id":279,"href":"https:\/\/www.voluntariadosocialrioja.org\/me-da-la-vida\/wp-json\/wp\/v2\/pages\/9\/revisions\/279"}],"wp:attachment":[{"href":"https:\/\/www.voluntariadosocialrioja.org\/me-da-la-vida\/wp-json\/wp\/v2\/media?parent=9"}],"curies":[{"name":"wp","href":"https:\/\/api.w.org\/{rel}","templated":true}]}}